{"id":1805,"date":"2017-03-31T14:20:01","date_gmt":"2017-03-31T12:20:01","guid":{"rendered":"https:\/\/www.salineraespanola.com\/shop\/"},"modified":"2025-01-15T12:39:32","modified_gmt":"2025-01-15T11:39:32","slug":"shop","status":"publish","type":"page","link":"https:\/\/www.salineraespanola.com\/en\/shop\/","title":{"rendered":"Shop"},"content":{"rendered":"<p><div class=\"fusion-fullwidth fullwidth-box fusion-builder-row-1 fusion-flex-container has-pattern-background has-mask-background nonhundred-percent-fullwidth non-hundred-percent-height-scrolling\" style=\"--awb-border-radius-top-left:0px;--awb-border-radius-top-right:0px;--awb-border-radius-bottom-right:0px;--awb-border-radius-bottom-left:0px;--awb-margin-top:30px;--awb-flex-wrap:wrap;\" ><div class=\"fusion-builder-row fusion-row fusion-flex-align-items-flex-start fusion-flex-content-wrap\" style=\"max-width:calc( 1200px + 0px );margin-left: calc(-0px \/ 2 );margin-right: calc(-0px \/ 2 );\"><div class=\"fusion-layout-column fusion_builder_column fusion-builder-column-0 fusion_builder_column_1_1 1_1 fusion-flex-column\" style=\"--awb-padding-right:50px;--awb-padding-left:50px;--awb-bg-blend:overlay;--awb-bg-size:cover;--awb-width-large:100%;--awb-margin-top-large:0px;--awb-spacing-right-large:0px;--awb-margin-bottom-large:0px;--awb-spacing-left-large:0px;--awb-width-medium:100%;--awb-spacing-right-medium:0px;--awb-spacing-left-medium:0px;--awb-width-small:100%;--awb-spacing-right-small:0px;--awb-spacing-left-small:0px;\"><div class=\"fusion-column-wrapper fusion-flex-justify-content-flex-start fusion-content-layout-column\"><div class=\"fusion-title title fusion-title-1 fusion-sep-none fusion-title-center fusion-title-text fusion-title-size-one\" style=\"--awb-margin-top-small:0px;--awb-margin-right-small:0px;--awb-margin-bottom-small:20px;--awb-margin-left-small:0px;\"><h1 class=\"fusion-title-heading title-heading-center fusion-responsive-typography-calculated\" style=\"margin:0;--fontSize:55;line-height:1.1;\">Buy all kinds of Sea Salts<\/h1><\/div><div class=\"fusion-text fusion-text-1 fusion-text-no-margin\" style=\"--awb-margin-bottom:45px;\"><p style=\"text-align: center;\">Gourmet Salt, Fine Salt, Sea Salt, Organic Salt, Fleur de sel sea salt, Salt seasoned with the greatest variety of spices and aromatic herbs, Industrial Salt of various calibers, Salt water treatment\u2026 all on the same platform with the guarantee of Salinera Espa\u00f1ola.<\/p>\n<\/div><div class=\"fusion-builder-row fusion-builder-row-inner fusion-row fusion-flex-align-items-flex-start fusion-flex-content-wrap\" style=\"--awb-flex-grow:0;--awb-flex-grow-medium:0;--awb-flex-grow-small:0;--awb-flex-shrink:0;--awb-flex-shrink-medium:0;--awb-flex-shrink-small:0;width:calc( 100% + 0px ) !important;max-width:calc( 100% + 0px ) !important;margin-left: calc(-0px \/ 2 );margin-right: calc(-0px \/ 2 );\"><div class=\"fusion-layout-column fusion_builder_column_inner fusion-builder-nested-column-0 fusion_builder_column_inner_1_2 1_2 fusion-flex-column\" style=\"--awb-bg-size:cover;--awb-width-large:50%;--awb-margin-top-large:0px;--awb-spacing-right-large:15px;--awb-margin-bottom-large:0px;--awb-spacing-left-large:15px;--awb-width-medium:100%;--awb-order-medium:0;--awb-spacing-right-medium:15px;--awb-margin-bottom-medium:30px;--awb-spacing-left-medium:15px;--awb-width-small:100%;--awb-order-small:0;--awb-spacing-right-small:0px;--awb-spacing-left-small:0px;\"><div class=\"fusion-column-wrapper fusion-column-has-shadow fusion-flex-justify-content-center fusion-content-layout-column\"><div class=\"fusion-alert alert custom alert-custom fusion-alert-left fusion-alert-capitalize awb-alert-native-link-color\" style=\"--awb-background-color:var(--awb-custom12);--awb-accent-color:var(--awb-color1);--awb-border-size:0px;--awb-border-top-left-radius:4px;--awb-border-top-right-radius:4px;--awb-border-bottom-left-radius:4px;--awb-border-bottom-right-radius:4px;--awb-margin-top:0px;--awb-margin-right:0px;--awb-margin-bottom:0px;--awb-margin-left:0px;--awb-padding-right:50px;--awb-padding-left:50px;\" role=\"alert\"><div class=\"fusion-alert-content-wrapper\"><span class=\"alert-icon\"><i class=\"fa-truck fas\" aria-hidden=\"true\"><\/i><\/span><span class=\"fusion-alert-content\"><strong>Free shipping<\/strong> for purchases over \u20ac38<br \/>\nin the Peninsula and the Balearic Islands<\/span><\/div><\/div><\/div><\/div><div class=\"fusion-layout-column fusion_builder_column_inner fusion-builder-nested-column-1 fusion_builder_column_inner_1_2 1_2 fusion-flex-column\" style=\"--awb-padding-top:24px;--awb-padding-right:20px;--awb-padding-bottom:20px;--awb-padding-left:20px;--awb-overflow:hidden;--awb-bg-color:var(--awb-color4);--awb-bg-color-hover:var(--awb-color4);--awb-bg-size:cover;--awb-border-color:var(--awb-custom12);--awb-border-bottom:6px;--awb-border-style:solid;--awb-border-radius:4px 4px 4px 4px;--awb-width-large:50%;--awb-margin-top-large:0px;--awb-spacing-right-large:15px;--awb-margin-bottom-large:0px;--awb-spacing-left-large:15px;--awb-width-medium:100%;--awb-order-medium:0;--awb-spacing-right-medium:15px;--awb-spacing-left-medium:15px;--awb-width-small:100%;--awb-order-small:0;--awb-spacing-right-small:0px;--awb-spacing-left-small:0px;\"><div class=\"fusion-column-wrapper fusion-column-has-shadow fusion-flex-justify-content-center fusion-content-layout-column\"><div class=\"fusion-text fusion-text-2 fusion-text-no-margin\" style=\"--awb-margin-top:0px;--awb-margin-right:0px;--awb-margin-bottom:0px;--awb-margin-left:0px;\"><p style=\"text-align: center;\">Orders from the <strong>Canary Islands, Ceuta, Melilla and abroad<\/strong><br \/>\ncontact: <a href=\"mailto:gourmet@salineraespanola.com\">gourmet@salineraespanola.com<\/a><\/p>\n<\/div><\/div><\/div><\/div><div class=\"fusion-separator fusion-full-width-sep\" style=\"align-self: center;margin-left: auto;margin-right: auto;margin-top:20px;width:100%;\"><\/div><\/div><\/div><\/div><\/div><div class=\"fusion-fullwidth fullwidth-box fusion-builder-row-2 fusion-flex-container has-pattern-background has-mask-background nonhundred-percent-fullwidth non-hundred-percent-height-scrolling\" style=\"--awb-border-radius-top-left:0px;--awb-border-radius-top-right:0px;--awb-border-radius-bottom-right:0px;--awb-border-radius-bottom-left:0px;--awb-margin-top:40px;--awb-flex-wrap:wrap;\" ><div class=\"fusion-builder-row fusion-row fusion-flex-align-items-flex-start fusion-flex-content-wrap\" style=\"max-width:1248px;margin-left: calc(-4% \/ 2 );margin-right: calc(-4% \/ 2 );\"><div class=\"fusion-layout-column fusion_builder_column fusion-builder-column-1 fusion_builder_column_1_1 1_1 fusion-flex-column\" style=\"--awb-bg-size:cover;--awb-width-large:100%;--awb-margin-top-large:0px;--awb-spacing-right-large:1.92%;--awb-margin-bottom-large:40px;--awb-spacing-left-large:1.92%;--awb-width-medium:100%;--awb-order-medium:0;--awb-spacing-right-medium:1.92%;--awb-spacing-left-medium:1.92%;--awb-width-small:100%;--awb-order-small:0;--awb-spacing-right-small:1.92%;--awb-spacing-left-small:1.92%;\"><div class=\"fusion-column-wrapper fusion-column-has-shadow fusion-flex-justify-content-flex-start fusion-content-layout-column\"><div class=\"fusion-post-cards fusion-post-cards-1 fusion-grid-archive fusion-grid-columns-4\" style=\"--awb-dots-align:center;--awb-active-filter-border-size:3px;--awb-filters-height:36px;\" data-post-type-label=\"products\"><ul class=\"fusion-grid fusion-grid-4 fusion-flex-align-items-stretch fusion-grid-posts-cards\"><li class=\"fusion-layout-column fusion_builder_column fusion-builder-column-2 fusion-flex-column post-card fusion-grid-column fusion-post-cards-grid-column product-grid-view product type-product\" style=\"--awb-padding-bottom:15px;--awb-bg-blend:overlay;--awb-bg-size:cover;--awb-box-shadow:0px 3px 7px 2px var(--awb-color4);;--awb-flex-grow:0;--awb-flex-shrink:0;--awb-flex-grow-medium:0;--awb-flex-shrink-medium:0;--awb-flex-grow-small:0;--awb-flex-shrink-small:0;\"><div class=\"fusion-column-wrapper fusion-column-has-shadow fusion-flex-justify-content-flex-start fusion-content-layout-column\"><div class=\"fusion-clean-product-image-wrapper fusion-woo-product-image fusion-post-card-image fusion-post-card-image-1 product-images images\" data-layout=\"crossfade\"><a href=\"https:\/\/www.salineraespanola.com\/en\/producto\/marsalis-orientalem-fleur-de-sel-sea-salt\/\" title=\"Marsalis Orientalem fleur de sel sea salt\"><div class=\"featured-image woocommerce-product-gallery__image crossfade-images\">\n\t<img decoding=\"async\" width=\"1\" height=\"1\" src=\"data:image\/svg+xml,%3Csvg%20xmlns%3D%27http%3A%2F%2Fwww.w3.org%2F2000%2Fsvg%27%20width%3D%271%27%20height%3D%271%27%20viewBox%3D%270%200%201%201%27%3E%3Crect%20width%3D%271%27%20height%3D%271%27%20fill-opacity%3D%220%22%2F%3E%3C%2Fsvg%3E\" class=\"hover-image lazyload\" alt=\"\" data-orig-src=\"https:\/\/www.salineraespanola.com\/wp-content\/uploads\/2017\/04\/Salinera-Espanola-Flor-de-sal-con-especias-Orientalem-Marsalis_100g_Tapa.jpg\" data-caption=\"\" data-src=\"https:\/\/www.salineraespanola.com\/wp-content\/uploads\/2017\/04\/Salinera-Espanola-Flor-de-sal-con-especias-Orientalem-Marsalis_100g_Tapa.jpg\" data-large_image=\"https:\/\/www.salineraespanola.com\/wp-content\/uploads\/2017\/04\/Salinera-Espanola-Flor-de-sal-con-especias-Orientalem-Marsalis_100g_Tapa.jpg\" data-large_image_width=\"0\" data-large_image_height=\"0\" \/>\t<img decoding=\"async\" width=\"500\" height=\"500\" src=\"https:\/\/www.salineraespanola.com\/wp-content\/uploads\/2017\/04\/Salinera-Espanola-Flor-de-sal-con-especias-Orientalem-Marsalis_100g_Vert-500x500.jpg\" class=\"attachment-woocommerce_thumbnail size-woocommerce_thumbnail lazyload wp-post-image\" alt=\"\" srcset=\"data:image\/svg+xml,%3Csvg%20xmlns%3D%27http%3A%2F%2Fwww.w3.org%2F2000%2Fsvg%27%20width%3D%271400%27%20height%3D%271400%27%20viewBox%3D%270%200%201400%201400%27%3E%3Crect%20width%3D%271400%27%20height%3D%271400%27%20fill-opacity%3D%220%22%2F%3E%3C%2Fsvg%3E\" data-orig-src=\"https:\/\/www.salineraespanola.com\/wp-content\/uploads\/2017\/04\/Salinera-Espanola-Flor-de-sal-con-especias-Orientalem-Marsalis_100g_Vert-500x500.jpg\" data-srcset=\"https:\/\/www.salineraespanola.com\/wp-content\/uploads\/2017\/04\/Salinera-Espanola-Flor-de-sal-con-especias-Orientalem-Marsalis_100g_Vert-200x200.jpg 200w, https:\/\/www.salineraespanola.com\/wp-content\/uploads\/2017\/04\/Salinera-Espanola-Flor-de-sal-con-especias-Orientalem-Marsalis_100g_Vert-400x400.jpg 400w, https:\/\/www.salineraespanola.com\/wp-content\/uploads\/2017\/04\/Salinera-Espanola-Flor-de-sal-con-especias-Orientalem-Marsalis_100g_Vert-600x600.jpg 600w, https:\/\/www.salineraespanola.com\/wp-content\/uploads\/2017\/04\/Salinera-Espanola-Flor-de-sal-con-especias-Orientalem-Marsalis_100g_Vert-800x800.jpg 800w, https:\/\/www.salineraespanola.com\/wp-content\/uploads\/2017\/04\/Salinera-Espanola-Flor-de-sal-con-especias-Orientalem-Marsalis_100g_Vert-1200x1200.jpg 1200w, https:\/\/www.salineraespanola.com\/wp-content\/uploads\/2017\/04\/Salinera-Espanola-Flor-de-sal-con-especias-Orientalem-Marsalis_100g_Vert.jpg 1400w\" data-sizes=\"auto\" data-caption=\"\" data-src=\"https:\/\/www.salineraespanola.com\/wp-content\/uploads\/2017\/04\/Salinera-Espanola-Flor-de-sal-con-especias-Orientalem-Marsalis_100g_Vert.jpg\" data-large_image=\"https:\/\/www.salineraespanola.com\/wp-content\/uploads\/2017\/04\/Salinera-Espanola-Flor-de-sal-con-especias-Orientalem-Marsalis_100g_Vert.jpg\" data-large_image_width=\"1400\" data-large_image_height=\"1400\" \/>\n\t\t\t\t\t\t<div class=\"cart-loading\"><i class=\"awb-icon-spinner\" aria-hidden=\"true\"><\/i><\/div>\n\t\t\t<\/div>\n<\/a><\/div><div class=\"fusion-title title fusion-title-2 fusion-sep-none fusion-title-center fusion-title-text fusion-title-size-three\" style=\"--awb-margin-top:10px;--awb-margin-right:10px;--awb-margin-bottom:5px;--awb-margin-left:10px;--awb-margin-top-small:0px;--awb-margin-right-small:0px;--awb-margin-bottom-small:20px;--awb-margin-left-small:0px;--awb-font-size:22px;\"><h3 class=\"fusion-title-heading title-heading-center fusion-responsive-typography-calculated\" style=\"margin:0;font-size:1em;--fontSize:22;--minFontSize:22;line-height:1.4;\"><a href=\"https:\/\/www.salineraespanola.com\/en\/producto\/marsalis-orientalem-fleur-de-sel-sea-salt\/\" class=\"awb-custom-text-color awb-custom-text-hover-color\" target=\"_self\">Marsalis Orientalem fleur de sel sea salt<\/a><\/h3><\/div><div class=\"fusion-woo-price-tb fusion-woo-price-tb-1 sale-position-right has-border floated has-badge badge-position-right\" style=\"--awb-badge-border-size:1px;--awb-alignment:center;--awb-border-radius:0px 0px 0px 0px;--awb-price-font-family:inherit;--awb-price-font-style:normal;--awb-price-font-weight:400;--awb-sale-font-family:inherit;--awb-sale-font-style:normal;--awb-sale-font-weight:400;--awb-stock-font-family:inherit;--awb-stock-font-style:normal;--awb-stock-font-weight:400;--awb-badge-font-family:inherit;--awb-badge-font-style:normal;--awb-badge-font-weight:400;\"><p class=\"price\"><span class=\"woocommerce-Price-amount amount\"><bdi>7,65<span class=\"woocommerce-Price-currencySymbol\">&euro;<\/span><\/bdi><\/span> <small class=\"woocommerce-price-suffix\">IVA included<\/small><\/p>\n<\/div><\/div><\/li>\n<li class=\"fusion-layout-column fusion_builder_column fusion-builder-column-3 fusion-flex-column post-card fusion-grid-column fusion-post-cards-grid-column product-grid-view product type-product\" style=\"--awb-padding-bottom:15px;--awb-bg-blend:overlay;--awb-bg-size:cover;--awb-box-shadow:0px 3px 7px 2px var(--awb-color4);;--awb-flex-grow:0;--awb-flex-shrink:0;--awb-flex-grow-medium:0;--awb-flex-shrink-medium:0;--awb-flex-grow-small:0;--awb-flex-shrink-small:0;\"><div class=\"fusion-column-wrapper fusion-column-has-shadow fusion-flex-justify-content-flex-start fusion-content-layout-column\"><div class=\"fusion-clean-product-image-wrapper fusion-woo-product-image fusion-post-card-image fusion-post-card-image-1 product-images images\" data-layout=\"crossfade\"><a href=\"https:\/\/www.salineraespanola.com\/en\/producto\/marsalis-iv-piperis-fleur-de-sel-sea-salt\/\" title=\"Marsalis IV Piperis fleur de sel sea salt\"><div class=\"featured-image woocommerce-product-gallery__image crossfade-images\">\n\t<img decoding=\"async\" width=\"500\" height=\"500\" src=\"https:\/\/www.salineraespanola.com\/wp-content\/uploads\/2017\/04\/Salinera-Espanola-Flor-de-sal-con-especias-Piperis-Marsalis_100g_Tapa-500x500.jpg\" class=\"hover-image lazyload\" alt=\"\" srcset=\"data:image\/svg+xml,%3Csvg%20xmlns%3D%27http%3A%2F%2Fwww.w3.org%2F2000%2Fsvg%27%20width%3D%271400%27%20height%3D%271400%27%20viewBox%3D%270%200%201400%201400%27%3E%3Crect%20width%3D%271400%27%20height%3D%271400%27%20fill-opacity%3D%220%22%2F%3E%3C%2Fsvg%3E\" data-orig-src=\"https:\/\/www.salineraespanola.com\/wp-content\/uploads\/2017\/04\/Salinera-Espanola-Flor-de-sal-con-especias-Piperis-Marsalis_100g_Tapa-500x500.jpg\" data-srcset=\"https:\/\/www.salineraespanola.com\/wp-content\/uploads\/2017\/04\/Salinera-Espanola-Flor-de-sal-con-especias-Piperis-Marsalis_100g_Tapa-200x200.jpg 200w, https:\/\/www.salineraespanola.com\/wp-content\/uploads\/2017\/04\/Salinera-Espanola-Flor-de-sal-con-especias-Piperis-Marsalis_100g_Tapa-400x400.jpg 400w, https:\/\/www.salineraespanola.com\/wp-content\/uploads\/2017\/04\/Salinera-Espanola-Flor-de-sal-con-especias-Piperis-Marsalis_100g_Tapa-600x600.jpg 600w, https:\/\/www.salineraespanola.com\/wp-content\/uploads\/2017\/04\/Salinera-Espanola-Flor-de-sal-con-especias-Piperis-Marsalis_100g_Tapa-800x800.jpg 800w, https:\/\/www.salineraespanola.com\/wp-content\/uploads\/2017\/04\/Salinera-Espanola-Flor-de-sal-con-especias-Piperis-Marsalis_100g_Tapa-1200x1200.jpg 1200w, https:\/\/www.salineraespanola.com\/wp-content\/uploads\/2017\/04\/Salinera-Espanola-Flor-de-sal-con-especias-Piperis-Marsalis_100g_Tapa.jpg 1400w\" data-sizes=\"auto\" data-caption=\"\" data-src=\"https:\/\/www.salineraespanola.com\/wp-content\/uploads\/2017\/04\/Salinera-Espanola-Flor-de-sal-con-especias-Piperis-Marsalis_100g_Tapa.jpg\" data-large_image=\"https:\/\/www.salineraespanola.com\/wp-content\/uploads\/2017\/04\/Salinera-Espanola-Flor-de-sal-con-especias-Piperis-Marsalis_100g_Tapa.jpg\" data-large_image_width=\"1400\" data-large_image_height=\"1400\" \/>\t<img decoding=\"async\" width=\"500\" height=\"500\" src=\"https:\/\/www.salineraespanola.com\/wp-content\/uploads\/2017\/04\/Salinera-Espanola-Flor-de-sal-con-especias-Piperis-Marsalis_100g_Vert-500x500.jpg\" class=\"attachment-woocommerce_thumbnail size-woocommerce_thumbnail lazyload wp-post-image\" alt=\"\" srcset=\"data:image\/svg+xml,%3Csvg%20xmlns%3D%27http%3A%2F%2Fwww.w3.org%2F2000%2Fsvg%27%20width%3D%271400%27%20height%3D%271401%27%20viewBox%3D%270%200%201400%201401%27%3E%3Crect%20width%3D%271400%27%20height%3D%271401%27%20fill-opacity%3D%220%22%2F%3E%3C%2Fsvg%3E\" data-orig-src=\"https:\/\/www.salineraespanola.com\/wp-content\/uploads\/2017\/04\/Salinera-Espanola-Flor-de-sal-con-especias-Piperis-Marsalis_100g_Vert-500x500.jpg\" data-srcset=\"https:\/\/www.salineraespanola.com\/wp-content\/uploads\/2017\/04\/Salinera-Espanola-Flor-de-sal-con-especias-Piperis-Marsalis_100g_Vert-200x200.jpg 200w, https:\/\/www.salineraespanola.com\/wp-content\/uploads\/2017\/04\/Salinera-Espanola-Flor-de-sal-con-especias-Piperis-Marsalis_100g_Vert-400x400.jpg 400w, https:\/\/www.salineraespanola.com\/wp-content\/uploads\/2017\/04\/Salinera-Espanola-Flor-de-sal-con-especias-Piperis-Marsalis_100g_Vert-600x600.jpg 600w, https:\/\/www.salineraespanola.com\/wp-content\/uploads\/2017\/04\/Salinera-Espanola-Flor-de-sal-con-especias-Piperis-Marsalis_100g_Vert-800x801.jpg 800w, https:\/\/www.salineraespanola.com\/wp-content\/uploads\/2017\/04\/Salinera-Espanola-Flor-de-sal-con-especias-Piperis-Marsalis_100g_Vert-1200x1201.jpg 1200w, https:\/\/www.salineraespanola.com\/wp-content\/uploads\/2017\/04\/Salinera-Espanola-Flor-de-sal-con-especias-Piperis-Marsalis_100g_Vert.jpg 1400w\" data-sizes=\"auto\" data-caption=\"\" data-src=\"https:\/\/www.salineraespanola.com\/wp-content\/uploads\/2017\/04\/Salinera-Espanola-Flor-de-sal-con-especias-Piperis-Marsalis_100g_Vert.jpg\" data-large_image=\"https:\/\/www.salineraespanola.com\/wp-content\/uploads\/2017\/04\/Salinera-Espanola-Flor-de-sal-con-especias-Piperis-Marsalis_100g_Vert.jpg\" data-large_image_width=\"1400\" data-large_image_height=\"1401\" \/>\n\t\t\t\t\t\t<div class=\"cart-loading\"><i class=\"awb-icon-spinner\" aria-hidden=\"true\"><\/i><\/div>\n\t\t\t<\/div>\n<\/a><\/div><div class=\"fusion-title title fusion-title-3 fusion-sep-none fusion-title-center fusion-title-text fusion-title-size-three\" style=\"--awb-margin-top:10px;--awb-margin-right:10px;--awb-margin-bottom:5px;--awb-margin-left:10px;--awb-margin-top-small:0px;--awb-margin-right-small:0px;--awb-margin-bottom-small:20px;--awb-margin-left-small:0px;--awb-font-size:22px;\"><h3 class=\"fusion-title-heading title-heading-center fusion-responsive-typography-calculated\" style=\"margin:0;font-size:1em;--fontSize:22;--minFontSize:22;line-height:1.4;\"><a href=\"https:\/\/www.salineraespanola.com\/en\/producto\/marsalis-iv-piperis-fleur-de-sel-sea-salt\/\" class=\"awb-custom-text-color awb-custom-text-hover-color\" target=\"_self\">Marsalis IV Piperis fleur de sel sea salt<\/a><\/h3><\/div><div class=\"fusion-woo-price-tb fusion-woo-price-tb-2 sale-position-right has-border floated has-badge badge-position-right\" style=\"--awb-badge-border-size:1px;--awb-alignment:center;--awb-border-radius:0px 0px 0px 0px;--awb-price-font-family:inherit;--awb-price-font-style:normal;--awb-price-font-weight:400;--awb-sale-font-family:inherit;--awb-sale-font-style:normal;--awb-sale-font-weight:400;--awb-stock-font-family:inherit;--awb-stock-font-style:normal;--awb-stock-font-weight:400;--awb-badge-font-family:inherit;--awb-badge-font-style:normal;--awb-badge-font-weight:400;\"><p class=\"price\"><span class=\"woocommerce-Price-amount amount\"><bdi>7,65<span class=\"woocommerce-Price-currencySymbol\">&euro;<\/span><\/bdi><\/span> <small class=\"woocommerce-price-suffix\">IVA included<\/small><\/p>\n<\/div><\/div><\/li>\n<li class=\"fusion-layout-column fusion_builder_column fusion-builder-column-4 fusion-flex-column post-card fusion-grid-column fusion-post-cards-grid-column product-grid-view product type-product\" style=\"--awb-padding-bottom:15px;--awb-bg-blend:overlay;--awb-bg-size:cover;--awb-box-shadow:0px 3px 7px 2px var(--awb-color4);;--awb-flex-grow:0;--awb-flex-shrink:0;--awb-flex-grow-medium:0;--awb-flex-shrink-medium:0;--awb-flex-grow-small:0;--awb-flex-shrink-small:0;\"><div class=\"fusion-column-wrapper fusion-column-has-shadow fusion-flex-justify-content-flex-start fusion-content-layout-column\"><div class=\"fusion-clean-product-image-wrapper fusion-woo-product-image fusion-post-card-image fusion-post-card-image-1 product-images images\" data-layout=\"crossfade\"><a href=\"https:\/\/www.salineraespanola.com\/en\/producto\/marsalis-rosea-fleur-de-sel-sea-salt\/\" title=\"Marsalis Rosea fleur de sel sea salt\"><div class=\"featured-image woocommerce-product-gallery__image crossfade-images\">\n\t<img decoding=\"async\" width=\"500\" height=\"500\" src=\"https:\/\/www.salineraespanola.com\/wp-content\/uploads\/2023\/11\/Salinera-Espanola-Flor-de-sal-con-especias-Rosea-Marsalis_100g_Tapa-500x500.jpg\" class=\"hover-image lazyload\" alt=\"\" srcset=\"data:image\/svg+xml,%3Csvg%20xmlns%3D%27http%3A%2F%2Fwww.w3.org%2F2000%2Fsvg%27%20width%3D%271400%27%20height%3D%271400%27%20viewBox%3D%270%200%201400%201400%27%3E%3Crect%20width%3D%271400%27%20height%3D%271400%27%20fill-opacity%3D%220%22%2F%3E%3C%2Fsvg%3E\" data-orig-src=\"https:\/\/www.salineraespanola.com\/wp-content\/uploads\/2023\/11\/Salinera-Espanola-Flor-de-sal-con-especias-Rosea-Marsalis_100g_Tapa-500x500.jpg\" data-srcset=\"https:\/\/www.salineraespanola.com\/wp-content\/uploads\/2023\/11\/Salinera-Espanola-Flor-de-sal-con-especias-Rosea-Marsalis_100g_Tapa-200x200.jpg 200w, https:\/\/www.salineraespanola.com\/wp-content\/uploads\/2023\/11\/Salinera-Espanola-Flor-de-sal-con-especias-Rosea-Marsalis_100g_Tapa-400x400.jpg 400w, https:\/\/www.salineraespanola.com\/wp-content\/uploads\/2023\/11\/Salinera-Espanola-Flor-de-sal-con-especias-Rosea-Marsalis_100g_Tapa-600x600.jpg 600w, https:\/\/www.salineraespanola.com\/wp-content\/uploads\/2023\/11\/Salinera-Espanola-Flor-de-sal-con-especias-Rosea-Marsalis_100g_Tapa-800x800.jpg 800w, https:\/\/www.salineraespanola.com\/wp-content\/uploads\/2023\/11\/Salinera-Espanola-Flor-de-sal-con-especias-Rosea-Marsalis_100g_Tapa-1200x1200.jpg 1200w, https:\/\/www.salineraespanola.com\/wp-content\/uploads\/2023\/11\/Salinera-Espanola-Flor-de-sal-con-especias-Rosea-Marsalis_100g_Tapa.jpg 1400w\" data-sizes=\"auto\" data-caption=\"\" data-src=\"https:\/\/www.salineraespanola.com\/wp-content\/uploads\/2023\/11\/Salinera-Espanola-Flor-de-sal-con-especias-Rosea-Marsalis_100g_Tapa.jpg\" data-large_image=\"https:\/\/www.salineraespanola.com\/wp-content\/uploads\/2023\/11\/Salinera-Espanola-Flor-de-sal-con-especias-Rosea-Marsalis_100g_Tapa.jpg\" data-large_image_width=\"1400\" data-large_image_height=\"1400\" \/>\t<img decoding=\"async\" width=\"500\" height=\"500\" src=\"https:\/\/www.salineraespanola.com\/wp-content\/uploads\/2023\/11\/Salinera-Espanola-Flor-de-sal-con-especias-Rosea-Marsalis_100g_Vert-500x500.jpg\" class=\"attachment-woocommerce_thumbnail size-woocommerce_thumbnail lazyload wp-post-image\" alt=\"\" srcset=\"data:image\/svg+xml,%3Csvg%20xmlns%3D%27http%3A%2F%2Fwww.w3.org%2F2000%2Fsvg%27%20width%3D%271400%27%20height%3D%271401%27%20viewBox%3D%270%200%201400%201401%27%3E%3Crect%20width%3D%271400%27%20height%3D%271401%27%20fill-opacity%3D%220%22%2F%3E%3C%2Fsvg%3E\" data-orig-src=\"https:\/\/www.salineraespanola.com\/wp-content\/uploads\/2023\/11\/Salinera-Espanola-Flor-de-sal-con-especias-Rosea-Marsalis_100g_Vert-500x500.jpg\" data-srcset=\"https:\/\/www.salineraespanola.com\/wp-content\/uploads\/2023\/11\/Salinera-Espanola-Flor-de-sal-con-especias-Rosea-Marsalis_100g_Vert-200x200.jpg 200w, https:\/\/www.salineraespanola.com\/wp-content\/uploads\/2023\/11\/Salinera-Espanola-Flor-de-sal-con-especias-Rosea-Marsalis_100g_Vert-400x400.jpg 400w, https:\/\/www.salineraespanola.com\/wp-content\/uploads\/2023\/11\/Salinera-Espanola-Flor-de-sal-con-especias-Rosea-Marsalis_100g_Vert-600x600.jpg 600w, https:\/\/www.salineraespanola.com\/wp-content\/uploads\/2023\/11\/Salinera-Espanola-Flor-de-sal-con-especias-Rosea-Marsalis_100g_Vert-800x801.jpg 800w, https:\/\/www.salineraespanola.com\/wp-content\/uploads\/2023\/11\/Salinera-Espanola-Flor-de-sal-con-especias-Rosea-Marsalis_100g_Vert-1200x1201.jpg 1200w, https:\/\/www.salineraespanola.com\/wp-content\/uploads\/2023\/11\/Salinera-Espanola-Flor-de-sal-con-especias-Rosea-Marsalis_100g_Vert.jpg 1400w\" data-sizes=\"auto\" data-caption=\"\" data-src=\"https:\/\/www.salineraespanola.com\/wp-content\/uploads\/2023\/11\/Salinera-Espanola-Flor-de-sal-con-especias-Rosea-Marsalis_100g_Vert.jpg\" data-large_image=\"https:\/\/www.salineraespanola.com\/wp-content\/uploads\/2023\/11\/Salinera-Espanola-Flor-de-sal-con-especias-Rosea-Marsalis_100g_Vert.jpg\" data-large_image_width=\"1400\" data-large_image_height=\"1401\" \/>\n\t\t\t\t\t\t<div class=\"cart-loading\"><i class=\"awb-icon-spinner\" aria-hidden=\"true\"><\/i><\/div>\n\t\t\t<\/div>\n<\/a><\/div><div class=\"fusion-title title fusion-title-4 fusion-sep-none fusion-title-center fusion-title-text fusion-title-size-three\" style=\"--awb-margin-top:10px;--awb-margin-right:10px;--awb-margin-bottom:5px;--awb-margin-left:10px;--awb-margin-top-small:0px;--awb-margin-right-small:0px;--awb-margin-bottom-small:20px;--awb-margin-left-small:0px;--awb-font-size:22px;\"><h3 class=\"fusion-title-heading title-heading-center fusion-responsive-typography-calculated\" style=\"margin:0;font-size:1em;--fontSize:22;--minFontSize:22;line-height:1.4;\"><a href=\"https:\/\/www.salineraespanola.com\/en\/producto\/marsalis-rosea-fleur-de-sel-sea-salt\/\" class=\"awb-custom-text-color awb-custom-text-hover-color\" target=\"_self\">Marsalis Rosea fleur de sel sea salt<\/a><\/h3><\/div><div class=\"fusion-woo-price-tb fusion-woo-price-tb-3 sale-position-right has-border floated has-badge badge-position-right\" style=\"--awb-badge-border-size:1px;--awb-alignment:center;--awb-border-radius:0px 0px 0px 0px;--awb-price-font-family:inherit;--awb-price-font-style:normal;--awb-price-font-weight:400;--awb-sale-font-family:inherit;--awb-sale-font-style:normal;--awb-sale-font-weight:400;--awb-stock-font-family:inherit;--awb-stock-font-style:normal;--awb-stock-font-weight:400;--awb-badge-font-family:inherit;--awb-badge-font-style:normal;--awb-badge-font-weight:400;\"><p class=\"price\"><span class=\"woocommerce-Price-amount amount\"><bdi>7,65<span class=\"woocommerce-Price-currencySymbol\">&euro;<\/span><\/bdi><\/span> <small class=\"woocommerce-price-suffix\">IVA included<\/small><\/p>\n<\/div><\/div><\/li>\n<li class=\"fusion-layout-column fusion_builder_column fusion-builder-column-5 fusion-flex-column post-card fusion-grid-column fusion-post-cards-grid-column product-grid-view product type-product\" style=\"--awb-padding-bottom:15px;--awb-bg-blend:overlay;--awb-bg-size:cover;--awb-box-shadow:0px 3px 7px 2px var(--awb-color4);;--awb-flex-grow:0;--awb-flex-shrink:0;--awb-flex-grow-medium:0;--awb-flex-shrink-medium:0;--awb-flex-grow-small:0;--awb-flex-shrink-small:0;\"><div class=\"fusion-column-wrapper fusion-column-has-shadow fusion-flex-justify-content-flex-start fusion-content-layout-column\"><div class=\"fusion-clean-product-image-wrapper fusion-woo-product-image fusion-post-card-image fusion-post-card-image-1 product-images images\" data-layout=\"crossfade\"><a href=\"https:\/\/www.salineraespanola.com\/en\/producto\/marsalis-mediterranean-herbis-fleur-de-sel-sea-salt\/\" title=\"Marsalis Mediterranean Herbis fleur de sel sea salt\"><div class=\"featured-image woocommerce-product-gallery__image crossfade-images\">\n\t<img decoding=\"async\" width=\"500\" height=\"500\" src=\"https:\/\/www.salineraespanola.com\/wp-content\/uploads\/2017\/04\/Salinera-Espanola-Flor-de-sal-con-especias-Mediterranean-Herbis-Marsalis_100g_Tapa-500x500.jpg\" class=\"hover-image lazyload\" alt=\"\" srcset=\"data:image\/svg+xml,%3Csvg%20xmlns%3D%27http%3A%2F%2Fwww.w3.org%2F2000%2Fsvg%27%20width%3D%271400%27%20height%3D%271400%27%20viewBox%3D%270%200%201400%201400%27%3E%3Crect%20width%3D%271400%27%20height%3D%271400%27%20fill-opacity%3D%220%22%2F%3E%3C%2Fsvg%3E\" data-orig-src=\"https:\/\/www.salineraespanola.com\/wp-content\/uploads\/2017\/04\/Salinera-Espanola-Flor-de-sal-con-especias-Mediterranean-Herbis-Marsalis_100g_Tapa-500x500.jpg\" data-srcset=\"https:\/\/www.salineraespanola.com\/wp-content\/uploads\/2017\/04\/Salinera-Espanola-Flor-de-sal-con-especias-Mediterranean-Herbis-Marsalis_100g_Tapa-200x200.jpg 200w, https:\/\/www.salineraespanola.com\/wp-content\/uploads\/2017\/04\/Salinera-Espanola-Flor-de-sal-con-especias-Mediterranean-Herbis-Marsalis_100g_Tapa-400x400.jpg 400w, https:\/\/www.salineraespanola.com\/wp-content\/uploads\/2017\/04\/Salinera-Espanola-Flor-de-sal-con-especias-Mediterranean-Herbis-Marsalis_100g_Tapa-600x600.jpg 600w, https:\/\/www.salineraespanola.com\/wp-content\/uploads\/2017\/04\/Salinera-Espanola-Flor-de-sal-con-especias-Mediterranean-Herbis-Marsalis_100g_Tapa-800x800.jpg 800w, https:\/\/www.salineraespanola.com\/wp-content\/uploads\/2017\/04\/Salinera-Espanola-Flor-de-sal-con-especias-Mediterranean-Herbis-Marsalis_100g_Tapa-1200x1200.jpg 1200w, https:\/\/www.salineraespanola.com\/wp-content\/uploads\/2017\/04\/Salinera-Espanola-Flor-de-sal-con-especias-Mediterranean-Herbis-Marsalis_100g_Tapa.jpg 1400w\" data-sizes=\"auto\" data-caption=\"\" data-src=\"https:\/\/www.salineraespanola.com\/wp-content\/uploads\/2017\/04\/Salinera-Espanola-Flor-de-sal-con-especias-Mediterranean-Herbis-Marsalis_100g_Tapa.jpg\" data-large_image=\"https:\/\/www.salineraespanola.com\/wp-content\/uploads\/2017\/04\/Salinera-Espanola-Flor-de-sal-con-especias-Mediterranean-Herbis-Marsalis_100g_Tapa.jpg\" data-large_image_width=\"1400\" data-large_image_height=\"1400\" \/>\t<img decoding=\"async\" width=\"500\" height=\"500\" src=\"https:\/\/www.salineraespanola.com\/wp-content\/uploads\/2017\/04\/Salinera-Espanola-Flor-de-sal-con-especias-Mediterranean-Herbis-Marsalis_100g_Vert-500x500.jpg\" class=\"attachment-woocommerce_thumbnail size-woocommerce_thumbnail lazyload wp-post-image\" alt=\"\" srcset=\"data:image\/svg+xml,%3Csvg%20xmlns%3D%27http%3A%2F%2Fwww.w3.org%2F2000%2Fsvg%27%20width%3D%271400%27%20height%3D%271400%27%20viewBox%3D%270%200%201400%201400%27%3E%3Crect%20width%3D%271400%27%20height%3D%271400%27%20fill-opacity%3D%220%22%2F%3E%3C%2Fsvg%3E\" data-orig-src=\"https:\/\/www.salineraespanola.com\/wp-content\/uploads\/2017\/04\/Salinera-Espanola-Flor-de-sal-con-especias-Mediterranean-Herbis-Marsalis_100g_Vert-500x500.jpg\" data-srcset=\"https:\/\/www.salineraespanola.com\/wp-content\/uploads\/2017\/04\/Salinera-Espanola-Flor-de-sal-con-especias-Mediterranean-Herbis-Marsalis_100g_Vert-200x200.jpg 200w, https:\/\/www.salineraespanola.com\/wp-content\/uploads\/2017\/04\/Salinera-Espanola-Flor-de-sal-con-especias-Mediterranean-Herbis-Marsalis_100g_Vert-400x400.jpg 400w, https:\/\/www.salineraespanola.com\/wp-content\/uploads\/2017\/04\/Salinera-Espanola-Flor-de-sal-con-especias-Mediterranean-Herbis-Marsalis_100g_Vert-600x600.jpg 600w, https:\/\/www.salineraespanola.com\/wp-content\/uploads\/2017\/04\/Salinera-Espanola-Flor-de-sal-con-especias-Mediterranean-Herbis-Marsalis_100g_Vert-800x800.jpg 800w, https:\/\/www.salineraespanola.com\/wp-content\/uploads\/2017\/04\/Salinera-Espanola-Flor-de-sal-con-especias-Mediterranean-Herbis-Marsalis_100g_Vert-1200x1200.jpg 1200w, https:\/\/www.salineraespanola.com\/wp-content\/uploads\/2017\/04\/Salinera-Espanola-Flor-de-sal-con-especias-Mediterranean-Herbis-Marsalis_100g_Vert.jpg 1400w\" data-sizes=\"auto\" data-caption=\"\" data-src=\"https:\/\/www.salineraespanola.com\/wp-content\/uploads\/2017\/04\/Salinera-Espanola-Flor-de-sal-con-especias-Mediterranean-Herbis-Marsalis_100g_Vert.jpg\" data-large_image=\"https:\/\/www.salineraespanola.com\/wp-content\/uploads\/2017\/04\/Salinera-Espanola-Flor-de-sal-con-especias-Mediterranean-Herbis-Marsalis_100g_Vert.jpg\" data-large_image_width=\"1400\" data-large_image_height=\"1400\" \/>\n\t\t\t\t\t\t<div class=\"cart-loading\"><i class=\"awb-icon-spinner\" aria-hidden=\"true\"><\/i><\/div>\n\t\t\t<\/div>\n<\/a><\/div><div class=\"fusion-title title fusion-title-5 fusion-sep-none fusion-title-center fusion-title-text fusion-title-size-three\" style=\"--awb-margin-top:10px;--awb-margin-right:10px;--awb-margin-bottom:5px;--awb-margin-left:10px;--awb-margin-top-small:0px;--awb-margin-right-small:0px;--awb-margin-bottom-small:20px;--awb-margin-left-small:0px;--awb-font-size:22px;\"><h3 class=\"fusion-title-heading title-heading-center fusion-responsive-typography-calculated\" style=\"margin:0;font-size:1em;--fontSize:22;--minFontSize:22;line-height:1.4;\"><a href=\"https:\/\/www.salineraespanola.com\/en\/producto\/marsalis-mediterranean-herbis-fleur-de-sel-sea-salt\/\" class=\"awb-custom-text-color awb-custom-text-hover-color\" target=\"_self\">Marsalis Mediterranean Herbis fleur de sel sea salt<\/a><\/h3><\/div><div class=\"fusion-woo-price-tb fusion-woo-price-tb-4 sale-position-right has-border floated has-badge badge-position-right\" style=\"--awb-badge-border-size:1px;--awb-alignment:center;--awb-border-radius:0px 0px 0px 0px;--awb-price-font-family:inherit;--awb-price-font-style:normal;--awb-price-font-weight:400;--awb-sale-font-family:inherit;--awb-sale-font-style:normal;--awb-sale-font-weight:400;--awb-stock-font-family:inherit;--awb-stock-font-style:normal;--awb-stock-font-weight:400;--awb-badge-font-family:inherit;--awb-badge-font-style:normal;--awb-badge-font-weight:400;\"><p class=\"price\"><span class=\"woocommerce-Price-amount amount\"><bdi>7,65<span class=\"woocommerce-Price-currencySymbol\">&euro;<\/span><\/bdi><\/span> <small class=\"woocommerce-price-suffix\">IVA included<\/small><\/p>\n<\/div><\/div><\/li>\n<li class=\"fusion-layout-column fusion_builder_column fusion-builder-column-6 fusion-flex-column post-card fusion-grid-column fusion-post-cards-grid-column product-grid-view product type-product\" style=\"--awb-padding-bottom:15px;--awb-bg-blend:overlay;--awb-bg-size:cover;--awb-box-shadow:0px 3px 7px 2px var(--awb-color4);;--awb-flex-grow:0;--awb-flex-shrink:0;--awb-flex-grow-medium:0;--awb-flex-shrink-medium:0;--awb-flex-grow-small:0;--awb-flex-shrink-small:0;\"><div class=\"fusion-column-wrapper fusion-column-has-shadow fusion-flex-justify-content-flex-start fusion-content-layout-column\"><div class=\"fusion-clean-product-image-wrapper fusion-woo-product-image fusion-post-card-image fusion-post-card-image-1 product-images images\" data-layout=\"crossfade\"><a href=\"https:\/\/www.salineraespanola.com\/en\/producto\/marsalis-barbecue-fleur-de-sel-sea-salt\/\" title=\"Marsalis Barbecue fleur de sel sea salt\"><div class=\"featured-image woocommerce-product-gallery__image crossfade-images\">\n\t<img decoding=\"async\" width=\"1\" height=\"1\" src=\"data:image\/svg+xml,%3Csvg%20xmlns%3D%27http%3A%2F%2Fwww.w3.org%2F2000%2Fsvg%27%20width%3D%271%27%20height%3D%271%27%20viewBox%3D%270%200%201%201%27%3E%3Crect%20width%3D%271%27%20height%3D%271%27%20fill-opacity%3D%220%22%2F%3E%3C%2Fsvg%3E\" class=\"hover-image lazyload\" alt=\"\" data-orig-src=\"https:\/\/www.salineraespanola.com\/wp-content\/uploads\/2023\/11\/Salinera-Espanola-Flor-de-sal-con-especias-Barbecue-Marsalis_100g_Tapa.jpg\" data-caption=\"\" data-src=\"https:\/\/www.salineraespanola.com\/wp-content\/uploads\/2023\/11\/Salinera-Espanola-Flor-de-sal-con-especias-Barbecue-Marsalis_100g_Tapa.jpg\" data-large_image=\"https:\/\/www.salineraespanola.com\/wp-content\/uploads\/2023\/11\/Salinera-Espanola-Flor-de-sal-con-especias-Barbecue-Marsalis_100g_Tapa.jpg\" data-large_image_width=\"0\" data-large_image_height=\"0\" \/>\t<img decoding=\"async\" width=\"500\" height=\"500\" src=\"https:\/\/www.salineraespanola.com\/wp-content\/uploads\/2023\/11\/Salinera-Espanola-Flor-de-sal-con-especias-Barbecue-Marsalis_100g_Vert-500x500.jpg\" class=\"attachment-woocommerce_thumbnail size-woocommerce_thumbnail lazyload wp-post-image\" alt=\"\" srcset=\"data:image\/svg+xml,%3Csvg%20xmlns%3D%27http%3A%2F%2Fwww.w3.org%2F2000%2Fsvg%27%20width%3D%271400%27%20height%3D%271400%27%20viewBox%3D%270%200%201400%201400%27%3E%3Crect%20width%3D%271400%27%20height%3D%271400%27%20fill-opacity%3D%220%22%2F%3E%3C%2Fsvg%3E\" data-orig-src=\"https:\/\/www.salineraespanola.com\/wp-content\/uploads\/2023\/11\/Salinera-Espanola-Flor-de-sal-con-especias-Barbecue-Marsalis_100g_Vert-500x500.jpg\" data-srcset=\"https:\/\/www.salineraespanola.com\/wp-content\/uploads\/2023\/11\/Salinera-Espanola-Flor-de-sal-con-especias-Barbecue-Marsalis_100g_Vert-200x200.jpg 200w, https:\/\/www.salineraespanola.com\/wp-content\/uploads\/2023\/11\/Salinera-Espanola-Flor-de-sal-con-especias-Barbecue-Marsalis_100g_Vert-400x400.jpg 400w, https:\/\/www.salineraespanola.com\/wp-content\/uploads\/2023\/11\/Salinera-Espanola-Flor-de-sal-con-especias-Barbecue-Marsalis_100g_Vert-600x600.jpg 600w, https:\/\/www.salineraespanola.com\/wp-content\/uploads\/2023\/11\/Salinera-Espanola-Flor-de-sal-con-especias-Barbecue-Marsalis_100g_Vert-800x800.jpg 800w, https:\/\/www.salineraespanola.com\/wp-content\/uploads\/2023\/11\/Salinera-Espanola-Flor-de-sal-con-especias-Barbecue-Marsalis_100g_Vert-1200x1200.jpg 1200w, https:\/\/www.salineraespanola.com\/wp-content\/uploads\/2023\/11\/Salinera-Espanola-Flor-de-sal-con-especias-Barbecue-Marsalis_100g_Vert.jpg 1400w\" data-sizes=\"auto\" data-caption=\"\" data-src=\"https:\/\/www.salineraespanola.com\/wp-content\/uploads\/2023\/11\/Salinera-Espanola-Flor-de-sal-con-especias-Barbecue-Marsalis_100g_Vert.jpg\" data-large_image=\"https:\/\/www.salineraespanola.com\/wp-content\/uploads\/2023\/11\/Salinera-Espanola-Flor-de-sal-con-especias-Barbecue-Marsalis_100g_Vert.jpg\" data-large_image_width=\"1400\" data-large_image_height=\"1400\" \/>\n\t\t\t\t\t\t<div class=\"cart-loading\"><i class=\"awb-icon-spinner\" aria-hidden=\"true\"><\/i><\/div>\n\t\t\t<\/div>\n<\/a><\/div><div class=\"fusion-title title fusion-title-6 fusion-sep-none fusion-title-center fusion-title-text fusion-title-size-three\" style=\"--awb-margin-top:10px;--awb-margin-right:10px;--awb-margin-bottom:5px;--awb-margin-left:10px;--awb-margin-top-small:0px;--awb-margin-right-small:0px;--awb-margin-bottom-small:20px;--awb-margin-left-small:0px;--awb-font-size:22px;\"><h3 class=\"fusion-title-heading title-heading-center fusion-responsive-typography-calculated\" style=\"margin:0;font-size:1em;--fontSize:22;--minFontSize:22;line-height:1.4;\"><a href=\"https:\/\/www.salineraespanola.com\/en\/producto\/marsalis-barbecue-fleur-de-sel-sea-salt\/\" class=\"awb-custom-text-color awb-custom-text-hover-color\" target=\"_self\">Marsalis Barbecue fleur de sel sea salt<\/a><\/h3><\/div><div class=\"fusion-woo-price-tb fusion-woo-price-tb-5 sale-position-right has-border floated has-badge badge-position-right\" style=\"--awb-badge-border-size:1px;--awb-alignment:center;--awb-border-radius:0px 0px 0px 0px;--awb-price-font-family:inherit;--awb-price-font-style:normal;--awb-price-font-weight:400;--awb-sale-font-family:inherit;--awb-sale-font-style:normal;--awb-sale-font-weight:400;--awb-stock-font-family:inherit;--awb-stock-font-style:normal;--awb-stock-font-weight:400;--awb-badge-font-family:inherit;--awb-badge-font-style:normal;--awb-badge-font-weight:400;\"><p class=\"price\"><span class=\"woocommerce-Price-amount amount\"><bdi>7,65<span class=\"woocommerce-Price-currencySymbol\">&euro;<\/span><\/bdi><\/span> <small class=\"woocommerce-price-suffix\">IVA included<\/small><\/p>\n<\/div><\/div><\/li>\n<li class=\"fusion-layout-column fusion_builder_column fusion-builder-column-7 fusion-flex-column post-card fusion-grid-column fusion-post-cards-grid-column product-grid-view product type-product\" style=\"--awb-padding-bottom:15px;--awb-bg-blend:overlay;--awb-bg-size:cover;--awb-box-shadow:0px 3px 7px 2px var(--awb-color4);;--awb-flex-grow:0;--awb-flex-shrink:0;--awb-flex-grow-medium:0;--awb-flex-shrink-medium:0;--awb-flex-grow-small:0;--awb-flex-shrink-small:0;\"><div class=\"fusion-column-wrapper fusion-column-has-shadow fusion-flex-justify-content-flex-start fusion-content-layout-column\"><div class=\"fusion-clean-product-image-wrapper fusion-woo-product-image fusion-post-card-image fusion-post-card-image-1 product-images images\" data-layout=\"crossfade\"><a href=\"https:\/\/www.salineraespanola.com\/en\/producto\/marsalis-naturalis-fleur-de-sel-sea-salt\/\" title=\"Marsalis Naturalis fleur de sel sea salt\"><div class=\"featured-image woocommerce-product-gallery__image crossfade-images\">\n\t<img decoding=\"async\" width=\"500\" height=\"500\" src=\"https:\/\/www.salineraespanola.com\/wp-content\/uploads\/2023\/11\/Salinera-Espanola-Flor-de-sal-Naturalis-Marsalis_100g_Tapa-500x500.jpg\" class=\"hover-image lazyload\" alt=\"\" srcset=\"data:image\/svg+xml,%3Csvg%20xmlns%3D%27http%3A%2F%2Fwww.w3.org%2F2000%2Fsvg%27%20width%3D%271400%27%20height%3D%271400%27%20viewBox%3D%270%200%201400%201400%27%3E%3Crect%20width%3D%271400%27%20height%3D%271400%27%20fill-opacity%3D%220%22%2F%3E%3C%2Fsvg%3E\" data-orig-src=\"https:\/\/www.salineraespanola.com\/wp-content\/uploads\/2023\/11\/Salinera-Espanola-Flor-de-sal-Naturalis-Marsalis_100g_Tapa-500x500.jpg\" data-srcset=\"https:\/\/www.salineraespanola.com\/wp-content\/uploads\/2023\/11\/Salinera-Espanola-Flor-de-sal-Naturalis-Marsalis_100g_Tapa-200x200.jpg 200w, https:\/\/www.salineraespanola.com\/wp-content\/uploads\/2023\/11\/Salinera-Espanola-Flor-de-sal-Naturalis-Marsalis_100g_Tapa-400x400.jpg 400w, https:\/\/www.salineraespanola.com\/wp-content\/uploads\/2023\/11\/Salinera-Espanola-Flor-de-sal-Naturalis-Marsalis_100g_Tapa-600x600.jpg 600w, https:\/\/www.salineraespanola.com\/wp-content\/uploads\/2023\/11\/Salinera-Espanola-Flor-de-sal-Naturalis-Marsalis_100g_Tapa-800x800.jpg 800w, https:\/\/www.salineraespanola.com\/wp-content\/uploads\/2023\/11\/Salinera-Espanola-Flor-de-sal-Naturalis-Marsalis_100g_Tapa-1200x1200.jpg 1200w, https:\/\/www.salineraespanola.com\/wp-content\/uploads\/2023\/11\/Salinera-Espanola-Flor-de-sal-Naturalis-Marsalis_100g_Tapa.jpg 1400w\" data-sizes=\"auto\" data-caption=\"\" data-src=\"https:\/\/www.salineraespanola.com\/wp-content\/uploads\/2023\/11\/Salinera-Espanola-Flor-de-sal-Naturalis-Marsalis_100g_Tapa.jpg\" data-large_image=\"https:\/\/www.salineraespanola.com\/wp-content\/uploads\/2023\/11\/Salinera-Espanola-Flor-de-sal-Naturalis-Marsalis_100g_Tapa.jpg\" data-large_image_width=\"1400\" data-large_image_height=\"1400\" \/>\t<img decoding=\"async\" width=\"500\" height=\"500\" src=\"https:\/\/www.salineraespanola.com\/wp-content\/uploads\/2023\/11\/Salinera-Espanola-Flor-de-sal-Naturalis-Marsalis_100g_Vert-500x500.jpg\" class=\"attachment-woocommerce_thumbnail size-woocommerce_thumbnail lazyload wp-post-image\" alt=\"\" srcset=\"data:image\/svg+xml,%3Csvg%20xmlns%3D%27http%3A%2F%2Fwww.w3.org%2F2000%2Fsvg%27%20width%3D%271400%27%20height%3D%271401%27%20viewBox%3D%270%200%201400%201401%27%3E%3Crect%20width%3D%271400%27%20height%3D%271401%27%20fill-opacity%3D%220%22%2F%3E%3C%2Fsvg%3E\" data-orig-src=\"https:\/\/www.salineraespanola.com\/wp-content\/uploads\/2023\/11\/Salinera-Espanola-Flor-de-sal-Naturalis-Marsalis_100g_Vert-500x500.jpg\" data-srcset=\"https:\/\/www.salineraespanola.com\/wp-content\/uploads\/2023\/11\/Salinera-Espanola-Flor-de-sal-Naturalis-Marsalis_100g_Vert-200x200.jpg 200w, https:\/\/www.salineraespanola.com\/wp-content\/uploads\/2023\/11\/Salinera-Espanola-Flor-de-sal-Naturalis-Marsalis_100g_Vert-400x400.jpg 400w, https:\/\/www.salineraespanola.com\/wp-content\/uploads\/2023\/11\/Salinera-Espanola-Flor-de-sal-Naturalis-Marsalis_100g_Vert-600x600.jpg 600w, https:\/\/www.salineraespanola.com\/wp-content\/uploads\/2023\/11\/Salinera-Espanola-Flor-de-sal-Naturalis-Marsalis_100g_Vert-800x801.jpg 800w, https:\/\/www.salineraespanola.com\/wp-content\/uploads\/2023\/11\/Salinera-Espanola-Flor-de-sal-Naturalis-Marsalis_100g_Vert-1200x1201.jpg 1200w, https:\/\/www.salineraespanola.com\/wp-content\/uploads\/2023\/11\/Salinera-Espanola-Flor-de-sal-Naturalis-Marsalis_100g_Vert.jpg 1400w\" data-sizes=\"auto\" data-caption=\"\" data-src=\"https:\/\/www.salineraespanola.com\/wp-content\/uploads\/2023\/11\/Salinera-Espanola-Flor-de-sal-Naturalis-Marsalis_100g_Vert.jpg\" data-large_image=\"https:\/\/www.salineraespanola.com\/wp-content\/uploads\/2023\/11\/Salinera-Espanola-Flor-de-sal-Naturalis-Marsalis_100g_Vert.jpg\" data-large_image_width=\"1400\" data-large_image_height=\"1401\" \/>\n\t\t\t\t\t\t<div class=\"cart-loading\"><i class=\"awb-icon-spinner\" aria-hidden=\"true\"><\/i><\/div>\n\t\t\t<\/div>\n<\/a><\/div><div class=\"fusion-title title fusion-title-7 fusion-sep-none fusion-title-center fusion-title-text fusion-title-size-three\" style=\"--awb-margin-top:10px;--awb-margin-right:10px;--awb-margin-bottom:5px;--awb-margin-left:10px;--awb-margin-top-small:0px;--awb-margin-right-small:0px;--awb-margin-bottom-small:20px;--awb-margin-left-small:0px;--awb-font-size:22px;\"><h3 class=\"fusion-title-heading title-heading-center fusion-responsive-typography-calculated\" style=\"margin:0;font-size:1em;--fontSize:22;--minFontSize:22;line-height:1.4;\"><a href=\"https:\/\/www.salineraespanola.com\/en\/producto\/marsalis-naturalis-fleur-de-sel-sea-salt\/\" class=\"awb-custom-text-color awb-custom-text-hover-color\" target=\"_self\">Marsalis Naturalis fleur de sel sea salt<\/a><\/h3><\/div><div class=\"fusion-woo-price-tb fusion-woo-price-tb-6 sale-position-right has-border floated has-badge badge-position-right\" style=\"--awb-badge-border-size:1px;--awb-alignment:center;--awb-border-radius:0px 0px 0px 0px;--awb-price-font-family:inherit;--awb-price-font-style:normal;--awb-price-font-weight:400;--awb-sale-font-family:inherit;--awb-sale-font-style:normal;--awb-sale-font-weight:400;--awb-stock-font-family:inherit;--awb-stock-font-style:normal;--awb-stock-font-weight:400;--awb-badge-font-family:inherit;--awb-badge-font-style:normal;--awb-badge-font-weight:400;\"><p class=\"price\"><span class=\"woocommerce-Price-amount amount\"><bdi>7,65<span class=\"woocommerce-Price-currencySymbol\">&euro;<\/span><\/bdi><\/span> <small class=\"woocommerce-price-suffix\">IVA included<\/small><\/p>\n<\/div><\/div><\/li>\n<li class=\"fusion-layout-column fusion_builder_column fusion-builder-column-8 fusion-flex-column post-card fusion-grid-column fusion-post-cards-grid-column product-grid-view product type-product\" style=\"--awb-padding-bottom:15px;--awb-bg-blend:overlay;--awb-bg-size:cover;--awb-box-shadow:0px 3px 7px 2px var(--awb-color4);;--awb-flex-grow:0;--awb-flex-shrink:0;--awb-flex-grow-medium:0;--awb-flex-shrink-medium:0;--awb-flex-grow-small:0;--awb-flex-shrink-small:0;\"><div class=\"fusion-column-wrapper fusion-column-has-shadow fusion-flex-justify-content-flex-start fusion-content-layout-column\"><div class=\"fusion-clean-product-image-wrapper fusion-woo-product-image fusion-post-card-image fusion-post-card-image-1 product-images images\" data-layout=\"crossfade\"><a href=\"https:\/\/www.salineraespanola.com\/en\/producto\/pack-6-units-gift-set-marsalis\/\" title=\"Pack 6 Units Gift Set Marsalis\"><div class=\"featured-image woocommerce-product-gallery__image crossfade-images\">\n\t<img decoding=\"async\" width=\"500\" height=\"500\" src=\"https:\/\/www.salineraespanola.com\/wp-content\/uploads\/2023\/11\/Salinera-Espanola-Gift-Set-6-unidades-Marsalis_5-500x500.jpg\" class=\"hover-image lazyload\" alt=\"Pack 6 Unidades Gitf Set Marsalis\" srcset=\"data:image\/svg+xml,%3Csvg%20xmlns%3D%27http%3A%2F%2Fwww.w3.org%2F2000%2Fsvg%27%20width%3D%271400%27%20height%3D%271400%27%20viewBox%3D%270%200%201400%201400%27%3E%3Crect%20width%3D%271400%27%20height%3D%271400%27%20fill-opacity%3D%220%22%2F%3E%3C%2Fsvg%3E\" data-orig-src=\"https:\/\/www.salineraespanola.com\/wp-content\/uploads\/2023\/11\/Salinera-Espanola-Gift-Set-6-unidades-Marsalis_5-500x500.jpg\" data-srcset=\"https:\/\/www.salineraespanola.com\/wp-content\/uploads\/2023\/11\/Salinera-Espanola-Gift-Set-6-unidades-Marsalis_5-200x200.jpg 200w, https:\/\/www.salineraespanola.com\/wp-content\/uploads\/2023\/11\/Salinera-Espanola-Gift-Set-6-unidades-Marsalis_5-400x400.jpg 400w, https:\/\/www.salineraespanola.com\/wp-content\/uploads\/2023\/11\/Salinera-Espanola-Gift-Set-6-unidades-Marsalis_5-600x600.jpg 600w, https:\/\/www.salineraespanola.com\/wp-content\/uploads\/2023\/11\/Salinera-Espanola-Gift-Set-6-unidades-Marsalis_5-800x800.jpg 800w, https:\/\/www.salineraespanola.com\/wp-content\/uploads\/2023\/11\/Salinera-Espanola-Gift-Set-6-unidades-Marsalis_5-1200x1200.jpg 1200w, https:\/\/www.salineraespanola.com\/wp-content\/uploads\/2023\/11\/Salinera-Espanola-Gift-Set-6-unidades-Marsalis_5.jpg 1400w\" data-sizes=\"auto\" data-caption=\"\" data-src=\"https:\/\/www.salineraespanola.com\/wp-content\/uploads\/2023\/11\/Salinera-Espanola-Gift-Set-6-unidades-Marsalis_5.jpg\" data-large_image=\"https:\/\/www.salineraespanola.com\/wp-content\/uploads\/2023\/11\/Salinera-Espanola-Gift-Set-6-unidades-Marsalis_5.jpg\" data-large_image_width=\"1400\" data-large_image_height=\"1400\" \/>\t<img decoding=\"async\" width=\"500\" height=\"500\" src=\"https:\/\/www.salineraespanola.com\/wp-content\/uploads\/2023\/11\/Salinera-Espanola-Gift-Set-6-unidades-Marsalis_9-500x500.jpg\" class=\"attachment-woocommerce_thumbnail size-woocommerce_thumbnail lazyload wp-post-image\" alt=\"Pack 6 Unidades Gitf Set Marsalis\" srcset=\"data:image\/svg+xml,%3Csvg%20xmlns%3D%27http%3A%2F%2Fwww.w3.org%2F2000%2Fsvg%27%20width%3D%271400%27%20height%3D%271400%27%20viewBox%3D%270%200%201400%201400%27%3E%3Crect%20width%3D%271400%27%20height%3D%271400%27%20fill-opacity%3D%220%22%2F%3E%3C%2Fsvg%3E\" data-orig-src=\"https:\/\/www.salineraespanola.com\/wp-content\/uploads\/2023\/11\/Salinera-Espanola-Gift-Set-6-unidades-Marsalis_9-500x500.jpg\" data-srcset=\"https:\/\/www.salineraespanola.com\/wp-content\/uploads\/2023\/11\/Salinera-Espanola-Gift-Set-6-unidades-Marsalis_9-200x200.jpg 200w, https:\/\/www.salineraespanola.com\/wp-content\/uploads\/2023\/11\/Salinera-Espanola-Gift-Set-6-unidades-Marsalis_9-400x400.jpg 400w, https:\/\/www.salineraespanola.com\/wp-content\/uploads\/2023\/11\/Salinera-Espanola-Gift-Set-6-unidades-Marsalis_9-600x600.jpg 600w, https:\/\/www.salineraespanola.com\/wp-content\/uploads\/2023\/11\/Salinera-Espanola-Gift-Set-6-unidades-Marsalis_9-800x800.jpg 800w, https:\/\/www.salineraespanola.com\/wp-content\/uploads\/2023\/11\/Salinera-Espanola-Gift-Set-6-unidades-Marsalis_9-1200x1200.jpg 1200w, https:\/\/www.salineraespanola.com\/wp-content\/uploads\/2023\/11\/Salinera-Espanola-Gift-Set-6-unidades-Marsalis_9.jpg 1400w\" data-sizes=\"auto\" data-caption=\"\" data-src=\"https:\/\/www.salineraespanola.com\/wp-content\/uploads\/2023\/11\/Salinera-Espanola-Gift-Set-6-unidades-Marsalis_9.jpg\" data-large_image=\"https:\/\/www.salineraespanola.com\/wp-content\/uploads\/2023\/11\/Salinera-Espanola-Gift-Set-6-unidades-Marsalis_9.jpg\" data-large_image_width=\"1400\" data-large_image_height=\"1400\" \/>\n\t\t\t\t\t\t<div class=\"cart-loading\"><i class=\"awb-icon-spinner\" aria-hidden=\"true\"><\/i><\/div>\n\t\t\t<\/div>\n<\/a><\/div><div class=\"fusion-title title fusion-title-8 fusion-sep-none fusion-title-center fusion-title-text fusion-title-size-three\" style=\"--awb-margin-top:10px;--awb-margin-right:10px;--awb-margin-bottom:5px;--awb-margin-left:10px;--awb-margin-top-small:0px;--awb-margin-right-small:0px;--awb-margin-bottom-small:20px;--awb-margin-left-small:0px;--awb-font-size:22px;\"><h3 class=\"fusion-title-heading title-heading-center fusion-responsive-typography-calculated\" style=\"margin:0;font-size:1em;--fontSize:22;--minFontSize:22;line-height:1.4;\"><a href=\"https:\/\/www.salineraespanola.com\/en\/producto\/pack-6-units-gift-set-marsalis\/\" class=\"awb-custom-text-color awb-custom-text-hover-color\" target=\"_self\">Pack 6 Units Gift Set Marsalis<\/a><\/h3><\/div><div class=\"fusion-woo-price-tb fusion-woo-price-tb-7 sale-position-right has-border floated has-badge badge-position-right\" style=\"--awb-badge-border-size:1px;--awb-alignment:center;--awb-border-radius:0px 0px 0px 0px;--awb-price-font-family:inherit;--awb-price-font-style:normal;--awb-price-font-weight:400;--awb-sale-font-family:inherit;--awb-sale-font-style:normal;--awb-sale-font-weight:400;--awb-stock-font-family:inherit;--awb-stock-font-style:normal;--awb-stock-font-weight:400;--awb-badge-font-family:inherit;--awb-badge-font-style:normal;--awb-badge-font-weight:400;\"><p class=\"price\"><span class=\"woocommerce-Price-amount amount\"><bdi>39,60<span class=\"woocommerce-Price-currencySymbol\">&euro;<\/span><\/bdi><\/span> <small class=\"woocommerce-price-suffix\">IVA included<\/small><\/p>\n<\/div><\/div><\/li>\n<li class=\"fusion-layout-column fusion_builder_column fusion-builder-column-9 fusion-flex-column post-card fusion-grid-column fusion-post-cards-grid-column product-grid-view product type-product\" style=\"--awb-padding-bottom:15px;--awb-bg-blend:overlay;--awb-bg-size:cover;--awb-box-shadow:0px 3px 7px 2px var(--awb-color4);;--awb-flex-grow:0;--awb-flex-shrink:0;--awb-flex-grow-medium:0;--awb-flex-shrink-medium:0;--awb-flex-grow-small:0;--awb-flex-shrink-small:0;\"><div class=\"fusion-column-wrapper fusion-column-has-shadow fusion-flex-justify-content-flex-start fusion-content-layout-column\"><div class=\"fusion-clean-product-image-wrapper fusion-woo-product-image fusion-post-card-image fusion-post-card-image-1 product-images images\" data-layout=\"crossfade\"><a href=\"https:\/\/www.salineraespanola.com\/en\/producto\/marsalis-sphaera-salis\/\" title=\"Marsalis Sphaera Salis\"><div class=\"featured-image woocommerce-product-gallery__image crossfade-images\">\n\t<img decoding=\"async\" width=\"500\" height=\"500\" src=\"https:\/\/www.salineraespanola.com\/wp-content\/uploads\/2017\/04\/Salinera-Espanola_Sphaera-Salis-con-esfera-peq_Marsalis_bote-esfera-1kg-500x500.jpg\" class=\"hover-image lazyload\" alt=\"\" srcset=\"data:image\/svg+xml,%3Csvg%20xmlns%3D%27http%3A%2F%2Fwww.w3.org%2F2000%2Fsvg%27%20width%3D%27949%27%20height%3D%27949%27%20viewBox%3D%270%200%20949%20949%27%3E%3Crect%20width%3D%27949%27%20height%3D%27949%27%20fill-opacity%3D%220%22%2F%3E%3C%2Fsvg%3E\" data-orig-src=\"https:\/\/www.salineraespanola.com\/wp-content\/uploads\/2017\/04\/Salinera-Espanola_Sphaera-Salis-con-esfera-peq_Marsalis_bote-esfera-1kg-500x500.jpg\" data-srcset=\"https:\/\/www.salineraespanola.com\/wp-content\/uploads\/2017\/04\/Salinera-Espanola_Sphaera-Salis-con-esfera-peq_Marsalis_bote-esfera-1kg-200x200.jpg 200w, https:\/\/www.salineraespanola.com\/wp-content\/uploads\/2017\/04\/Salinera-Espanola_Sphaera-Salis-con-esfera-peq_Marsalis_bote-esfera-1kg-400x400.jpg 400w, https:\/\/www.salineraespanola.com\/wp-content\/uploads\/2017\/04\/Salinera-Espanola_Sphaera-Salis-con-esfera-peq_Marsalis_bote-esfera-1kg-600x600.jpg 600w, https:\/\/www.salineraespanola.com\/wp-content\/uploads\/2017\/04\/Salinera-Espanola_Sphaera-Salis-con-esfera-peq_Marsalis_bote-esfera-1kg-800x800.jpg 800w, https:\/\/www.salineraespanola.com\/wp-content\/uploads\/2017\/04\/Salinera-Espanola_Sphaera-Salis-con-esfera-peq_Marsalis_bote-esfera-1kg.jpg 949w\" data-sizes=\"auto\" data-caption=\"\" data-src=\"https:\/\/www.salineraespanola.com\/wp-content\/uploads\/2017\/04\/Salinera-Espanola_Sphaera-Salis-con-esfera-peq_Marsalis_bote-esfera-1kg.jpg\" data-large_image=\"https:\/\/www.salineraespanola.com\/wp-content\/uploads\/2017\/04\/Salinera-Espanola_Sphaera-Salis-con-esfera-peq_Marsalis_bote-esfera-1kg.jpg\" data-large_image_width=\"949\" data-large_image_height=\"949\" \/>\t<img decoding=\"async\" width=\"500\" height=\"500\" src=\"https:\/\/www.salineraespanola.com\/wp-content\/uploads\/2017\/04\/Salinera-Espanola_Sphaera-Salis_Marsalis_bote-esfera-1kg-500x500.jpg\" class=\"attachment-woocommerce_thumbnail size-woocommerce_thumbnail lazyload wp-post-image\" alt=\"\" srcset=\"data:image\/svg+xml,%3Csvg%20xmlns%3D%27http%3A%2F%2Fwww.w3.org%2F2000%2Fsvg%27%20width%3D%27949%27%20height%3D%27949%27%20viewBox%3D%270%200%20949%20949%27%3E%3Crect%20width%3D%27949%27%20height%3D%27949%27%20fill-opacity%3D%220%22%2F%3E%3C%2Fsvg%3E\" data-orig-src=\"https:\/\/www.salineraespanola.com\/wp-content\/uploads\/2017\/04\/Salinera-Espanola_Sphaera-Salis_Marsalis_bote-esfera-1kg-500x500.jpg\" data-srcset=\"https:\/\/www.salineraespanola.com\/wp-content\/uploads\/2017\/04\/Salinera-Espanola_Sphaera-Salis_Marsalis_bote-esfera-1kg-200x200.jpg 200w, https:\/\/www.salineraespanola.com\/wp-content\/uploads\/2017\/04\/Salinera-Espanola_Sphaera-Salis_Marsalis_bote-esfera-1kg-400x400.jpg 400w, https:\/\/www.salineraespanola.com\/wp-content\/uploads\/2017\/04\/Salinera-Espanola_Sphaera-Salis_Marsalis_bote-esfera-1kg-600x600.jpg 600w, https:\/\/www.salineraespanola.com\/wp-content\/uploads\/2017\/04\/Salinera-Espanola_Sphaera-Salis_Marsalis_bote-esfera-1kg-800x800.jpg 800w, https:\/\/www.salineraespanola.com\/wp-content\/uploads\/2017\/04\/Salinera-Espanola_Sphaera-Salis_Marsalis_bote-esfera-1kg.jpg 949w\" data-sizes=\"auto\" data-caption=\"\" data-src=\"https:\/\/www.salineraespanola.com\/wp-content\/uploads\/2017\/04\/Salinera-Espanola_Sphaera-Salis_Marsalis_bote-esfera-1kg.jpg\" data-large_image=\"https:\/\/www.salineraespanola.com\/wp-content\/uploads\/2017\/04\/Salinera-Espanola_Sphaera-Salis_Marsalis_bote-esfera-1kg.jpg\" data-large_image_width=\"949\" data-large_image_height=\"949\" \/>\n\t\t\t\t\t\t<div class=\"cart-loading\"><i class=\"awb-icon-spinner\" aria-hidden=\"true\"><\/i><\/div>\n\t\t\t<\/div>\n<\/a><\/div><div class=\"fusion-title title fusion-title-9 fusion-sep-none fusion-title-center fusion-title-text fusion-title-size-three\" style=\"--awb-margin-top:10px;--awb-margin-right:10px;--awb-margin-bottom:5px;--awb-margin-left:10px;--awb-margin-top-small:0px;--awb-margin-right-small:0px;--awb-margin-bottom-small:20px;--awb-margin-left-small:0px;--awb-font-size:22px;\"><h3 class=\"fusion-title-heading title-heading-center fusion-responsive-typography-calculated\" style=\"margin:0;font-size:1em;--fontSize:22;--minFontSize:22;line-height:1.4;\"><a href=\"https:\/\/www.salineraespanola.com\/en\/producto\/marsalis-sphaera-salis\/\" class=\"awb-custom-text-color awb-custom-text-hover-color\" target=\"_self\">Marsalis Sphaera Salis<\/a><\/h3><\/div><div class=\"fusion-woo-price-tb fusion-woo-price-tb-8 sale-position-right has-border floated has-badge badge-position-right\" style=\"--awb-badge-border-size:1px;--awb-alignment:center;--awb-border-radius:0px 0px 0px 0px;--awb-price-font-family:inherit;--awb-price-font-style:normal;--awb-price-font-weight:400;--awb-sale-font-family:inherit;--awb-sale-font-style:normal;--awb-sale-font-weight:400;--awb-stock-font-family:inherit;--awb-stock-font-style:normal;--awb-stock-font-weight:400;--awb-badge-font-family:inherit;--awb-badge-font-style:normal;--awb-badge-font-weight:400;\"><p class=\"price\"><span class=\"woocommerce-Price-amount amount\"><bdi>9,35<span class=\"woocommerce-Price-currencySymbol\">&euro;<\/span><\/bdi><\/span> <small class=\"woocommerce-price-suffix\">IVA included<\/small><\/p>\n<\/div><\/div><\/li>\n<li class=\"fusion-layout-column fusion_builder_column fusion-builder-column-10 fusion-flex-column post-card fusion-grid-column fusion-post-cards-grid-column product-grid-view product type-product\" style=\"--awb-padding-bottom:15px;--awb-bg-blend:overlay;--awb-bg-size:cover;--awb-box-shadow:0px 3px 7px 2px var(--awb-color4);;--awb-flex-grow:0;--awb-flex-shrink:0;--awb-flex-grow-medium:0;--awb-flex-shrink-medium:0;--awb-flex-grow-small:0;--awb-flex-shrink-small:0;\"><div class=\"fusion-column-wrapper fusion-column-has-shadow fusion-flex-justify-content-flex-start fusion-content-layout-column\"><div class=\"fusion-clean-product-image-wrapper fusion-woo-product-image fusion-post-card-image fusion-post-card-image-1 product-images images\" data-layout=\"crossfade\"><a href=\"https:\/\/www.salineraespanola.com\/en\/producto\/salinas-de-ibiza-fleur-de-sel-sea-salt-with-citrus\/\" title=\"Salinas de Ibiza fleur de sel sea salt with citrus\"><div class=\"featured-image woocommerce-product-gallery__image crossfade-images\">\n\t<img decoding=\"async\" width=\"500\" height=\"500\" src=\"https:\/\/www.salineraespanola.com\/wp-content\/uploads\/2017\/03\/Salinera-Espanola-Flor-de-sal-Citricos-Salinas-de-Ibiza_100g_Tapa-500x500.jpg\" class=\"hover-image lazyload\" alt=\"\" srcset=\"data:image\/svg+xml,%3Csvg%20xmlns%3D%27http%3A%2F%2Fwww.w3.org%2F2000%2Fsvg%27%20width%3D%271400%27%20height%3D%271400%27%20viewBox%3D%270%200%201400%201400%27%3E%3Crect%20width%3D%271400%27%20height%3D%271400%27%20fill-opacity%3D%220%22%2F%3E%3C%2Fsvg%3E\" data-orig-src=\"https:\/\/www.salineraespanola.com\/wp-content\/uploads\/2017\/03\/Salinera-Espanola-Flor-de-sal-Citricos-Salinas-de-Ibiza_100g_Tapa-500x500.jpg\" data-srcset=\"https:\/\/www.salineraespanola.com\/wp-content\/uploads\/2017\/03\/Salinera-Espanola-Flor-de-sal-Citricos-Salinas-de-Ibiza_100g_Tapa-200x200.jpg 200w, https:\/\/www.salineraespanola.com\/wp-content\/uploads\/2017\/03\/Salinera-Espanola-Flor-de-sal-Citricos-Salinas-de-Ibiza_100g_Tapa-400x400.jpg 400w, https:\/\/www.salineraespanola.com\/wp-content\/uploads\/2017\/03\/Salinera-Espanola-Flor-de-sal-Citricos-Salinas-de-Ibiza_100g_Tapa-600x600.jpg 600w, https:\/\/www.salineraespanola.com\/wp-content\/uploads\/2017\/03\/Salinera-Espanola-Flor-de-sal-Citricos-Salinas-de-Ibiza_100g_Tapa-800x800.jpg 800w, https:\/\/www.salineraespanola.com\/wp-content\/uploads\/2017\/03\/Salinera-Espanola-Flor-de-sal-Citricos-Salinas-de-Ibiza_100g_Tapa-1200x1200.jpg 1200w, https:\/\/www.salineraespanola.com\/wp-content\/uploads\/2017\/03\/Salinera-Espanola-Flor-de-sal-Citricos-Salinas-de-Ibiza_100g_Tapa.jpg 1400w\" data-sizes=\"auto\" data-caption=\"\" data-src=\"https:\/\/www.salineraespanola.com\/wp-content\/uploads\/2017\/03\/Salinera-Espanola-Flor-de-sal-Citricos-Salinas-de-Ibiza_100g_Tapa.jpg\" data-large_image=\"https:\/\/www.salineraespanola.com\/wp-content\/uploads\/2017\/03\/Salinera-Espanola-Flor-de-sal-Citricos-Salinas-de-Ibiza_100g_Tapa.jpg\" data-large_image_width=\"1400\" data-large_image_height=\"1400\" \/>\t<img decoding=\"async\" width=\"500\" height=\"500\" src=\"https:\/\/www.salineraespanola.com\/wp-content\/uploads\/2017\/03\/Salinera-Espanola-Flor-de-sal-Citricos-Salinas-de-Ibiza_100g_Vert-500x500.jpg\" class=\"attachment-woocommerce_thumbnail size-woocommerce_thumbnail lazyload wp-post-image\" alt=\"\" srcset=\"data:image\/svg+xml,%3Csvg%20xmlns%3D%27http%3A%2F%2Fwww.w3.org%2F2000%2Fsvg%27%20width%3D%271400%27%20height%3D%271400%27%20viewBox%3D%270%200%201400%201400%27%3E%3Crect%20width%3D%271400%27%20height%3D%271400%27%20fill-opacity%3D%220%22%2F%3E%3C%2Fsvg%3E\" data-orig-src=\"https:\/\/www.salineraespanola.com\/wp-content\/uploads\/2017\/03\/Salinera-Espanola-Flor-de-sal-Citricos-Salinas-de-Ibiza_100g_Vert-500x500.jpg\" data-srcset=\"https:\/\/www.salineraespanola.com\/wp-content\/uploads\/2017\/03\/Salinera-Espanola-Flor-de-sal-Citricos-Salinas-de-Ibiza_100g_Vert-200x200.jpg 200w, https:\/\/www.salineraespanola.com\/wp-content\/uploads\/2017\/03\/Salinera-Espanola-Flor-de-sal-Citricos-Salinas-de-Ibiza_100g_Vert-400x400.jpg 400w, https:\/\/www.salineraespanola.com\/wp-content\/uploads\/2017\/03\/Salinera-Espanola-Flor-de-sal-Citricos-Salinas-de-Ibiza_100g_Vert-600x600.jpg 600w, https:\/\/www.salineraespanola.com\/wp-content\/uploads\/2017\/03\/Salinera-Espanola-Flor-de-sal-Citricos-Salinas-de-Ibiza_100g_Vert-800x800.jpg 800w, https:\/\/www.salineraespanola.com\/wp-content\/uploads\/2017\/03\/Salinera-Espanola-Flor-de-sal-Citricos-Salinas-de-Ibiza_100g_Vert-1200x1200.jpg 1200w, https:\/\/www.salineraespanola.com\/wp-content\/uploads\/2017\/03\/Salinera-Espanola-Flor-de-sal-Citricos-Salinas-de-Ibiza_100g_Vert.jpg 1400w\" data-sizes=\"auto\" data-caption=\"\" data-src=\"https:\/\/www.salineraespanola.com\/wp-content\/uploads\/2017\/03\/Salinera-Espanola-Flor-de-sal-Citricos-Salinas-de-Ibiza_100g_Vert.jpg\" data-large_image=\"https:\/\/www.salineraespanola.com\/wp-content\/uploads\/2017\/03\/Salinera-Espanola-Flor-de-sal-Citricos-Salinas-de-Ibiza_100g_Vert.jpg\" data-large_image_width=\"1400\" data-large_image_height=\"1400\" \/>\n\t\t\t\t\t\t<div class=\"cart-loading\"><i class=\"awb-icon-spinner\" aria-hidden=\"true\"><\/i><\/div>\n\t\t\t<\/div>\n<\/a><\/div><div class=\"fusion-title title fusion-title-10 fusion-sep-none fusion-title-center fusion-title-text fusion-title-size-three\" style=\"--awb-margin-top:10px;--awb-margin-right:10px;--awb-margin-bottom:5px;--awb-margin-left:10px;--awb-margin-top-small:0px;--awb-margin-right-small:0px;--awb-margin-bottom-small:20px;--awb-margin-left-small:0px;--awb-font-size:22px;\"><h3 class=\"fusion-title-heading title-heading-center fusion-responsive-typography-calculated\" style=\"margin:0;font-size:1em;--fontSize:22;--minFontSize:22;line-height:1.4;\"><a href=\"https:\/\/www.salineraespanola.com\/en\/producto\/salinas-de-ibiza-fleur-de-sel-sea-salt-with-citrus\/\" class=\"awb-custom-text-color awb-custom-text-hover-color\" target=\"_self\">Salinas de Ibiza fleur de sel sea salt with citrus<\/a><\/h3><\/div><div class=\"fusion-woo-price-tb fusion-woo-price-tb-9 sale-position-right has-border floated has-badge badge-position-right\" style=\"--awb-badge-border-size:1px;--awb-alignment:center;--awb-border-radius:0px 0px 0px 0px;--awb-price-font-family:inherit;--awb-price-font-style:normal;--awb-price-font-weight:400;--awb-sale-font-family:inherit;--awb-sale-font-style:normal;--awb-sale-font-weight:400;--awb-stock-font-family:inherit;--awb-stock-font-style:normal;--awb-stock-font-weight:400;--awb-badge-font-family:inherit;--awb-badge-font-style:normal;--awb-badge-font-weight:400;\"><p class=\"price\"><span class=\"woocommerce-Price-amount amount\"><bdi>7,65<span class=\"woocommerce-Price-currencySymbol\">&euro;<\/span><\/bdi><\/span> <small class=\"woocommerce-price-suffix\">IVA included<\/small><\/p>\n<\/div><\/div><\/li>\n<li class=\"fusion-layout-column fusion_builder_column fusion-builder-column-11 fusion-flex-column post-card fusion-grid-column fusion-post-cards-grid-column product-grid-view product type-product\" style=\"--awb-padding-bottom:15px;--awb-bg-blend:overlay;--awb-bg-size:cover;--awb-box-shadow:0px 3px 7px 2px var(--awb-color4);;--awb-flex-grow:0;--awb-flex-shrink:0;--awb-flex-grow-medium:0;--awb-flex-shrink-medium:0;--awb-flex-grow-small:0;--awb-flex-shrink-small:0;\"><div class=\"fusion-column-wrapper fusion-column-has-shadow fusion-flex-justify-content-flex-start fusion-content-layout-column\"><div class=\"fusion-clean-product-image-wrapper fusion-woo-product-image fusion-post-card-image fusion-post-card-image-1 product-images images\" data-layout=\"crossfade\"><a href=\"https:\/\/www.salineraespanola.com\/en\/producto\/salinas-de-ibiza-fleur-de-sel-sea-salt-with-aromatic-herbs\/\" title=\"Salinas de Ibiza fleur de sel sea salt with aromatic herbs\"><div class=\"featured-image woocommerce-product-gallery__image crossfade-images\">\n\t<img decoding=\"async\" width=\"500\" height=\"500\" src=\"https:\/\/www.salineraespanola.com\/wp-content\/uploads\/2017\/03\/Salinera-Espanola-Flor-de-sal-Hierbas-Aromaticas-Salinas-de-Ibiza_100g_Tapa-500x500.jpg\" class=\"hover-image lazyload\" alt=\"\" srcset=\"data:image\/svg+xml,%3Csvg%20xmlns%3D%27http%3A%2F%2Fwww.w3.org%2F2000%2Fsvg%27%20width%3D%271400%27%20height%3D%271400%27%20viewBox%3D%270%200%201400%201400%27%3E%3Crect%20width%3D%271400%27%20height%3D%271400%27%20fill-opacity%3D%220%22%2F%3E%3C%2Fsvg%3E\" data-orig-src=\"https:\/\/www.salineraespanola.com\/wp-content\/uploads\/2017\/03\/Salinera-Espanola-Flor-de-sal-Hierbas-Aromaticas-Salinas-de-Ibiza_100g_Tapa-500x500.jpg\" data-srcset=\"https:\/\/www.salineraespanola.com\/wp-content\/uploads\/2017\/03\/Salinera-Espanola-Flor-de-sal-Hierbas-Aromaticas-Salinas-de-Ibiza_100g_Tapa-200x200.jpg 200w, https:\/\/www.salineraespanola.com\/wp-content\/uploads\/2017\/03\/Salinera-Espanola-Flor-de-sal-Hierbas-Aromaticas-Salinas-de-Ibiza_100g_Tapa-400x400.jpg 400w, https:\/\/www.salineraespanola.com\/wp-content\/uploads\/2017\/03\/Salinera-Espanola-Flor-de-sal-Hierbas-Aromaticas-Salinas-de-Ibiza_100g_Tapa-600x600.jpg 600w, https:\/\/www.salineraespanola.com\/wp-content\/uploads\/2017\/03\/Salinera-Espanola-Flor-de-sal-Hierbas-Aromaticas-Salinas-de-Ibiza_100g_Tapa-800x800.jpg 800w, https:\/\/www.salineraespanola.com\/wp-content\/uploads\/2017\/03\/Salinera-Espanola-Flor-de-sal-Hierbas-Aromaticas-Salinas-de-Ibiza_100g_Tapa-1200x1200.jpg 1200w, https:\/\/www.salineraespanola.com\/wp-content\/uploads\/2017\/03\/Salinera-Espanola-Flor-de-sal-Hierbas-Aromaticas-Salinas-de-Ibiza_100g_Tapa.jpg 1400w\" data-sizes=\"auto\" data-caption=\"\" data-src=\"https:\/\/www.salineraespanola.com\/wp-content\/uploads\/2017\/03\/Salinera-Espanola-Flor-de-sal-Hierbas-Aromaticas-Salinas-de-Ibiza_100g_Tapa.jpg\" data-large_image=\"https:\/\/www.salineraespanola.com\/wp-content\/uploads\/2017\/03\/Salinera-Espanola-Flor-de-sal-Hierbas-Aromaticas-Salinas-de-Ibiza_100g_Tapa.jpg\" data-large_image_width=\"1400\" data-large_image_height=\"1400\" \/>\t<img decoding=\"async\" width=\"500\" height=\"500\" src=\"https:\/\/www.salineraespanola.com\/wp-content\/uploads\/2017\/03\/Salinera-Espanola-Flor-de-sal-Hierbas-Aromaticas-Salinas-de-Ibiza_100g_Vert-500x500.jpg\" class=\"attachment-woocommerce_thumbnail size-woocommerce_thumbnail lazyload wp-post-image\" alt=\"\" srcset=\"data:image\/svg+xml,%3Csvg%20xmlns%3D%27http%3A%2F%2Fwww.w3.org%2F2000%2Fsvg%27%20width%3D%271400%27%20height%3D%271400%27%20viewBox%3D%270%200%201400%201400%27%3E%3Crect%20width%3D%271400%27%20height%3D%271400%27%20fill-opacity%3D%220%22%2F%3E%3C%2Fsvg%3E\" data-orig-src=\"https:\/\/www.salineraespanola.com\/wp-content\/uploads\/2017\/03\/Salinera-Espanola-Flor-de-sal-Hierbas-Aromaticas-Salinas-de-Ibiza_100g_Vert-500x500.jpg\" data-srcset=\"https:\/\/www.salineraespanola.com\/wp-content\/uploads\/2017\/03\/Salinera-Espanola-Flor-de-sal-Hierbas-Aromaticas-Salinas-de-Ibiza_100g_Vert-200x200.jpg 200w, https:\/\/www.salineraespanola.com\/wp-content\/uploads\/2017\/03\/Salinera-Espanola-Flor-de-sal-Hierbas-Aromaticas-Salinas-de-Ibiza_100g_Vert-400x400.jpg 400w, https:\/\/www.salineraespanola.com\/wp-content\/uploads\/2017\/03\/Salinera-Espanola-Flor-de-sal-Hierbas-Aromaticas-Salinas-de-Ibiza_100g_Vert-600x600.jpg 600w, https:\/\/www.salineraespanola.com\/wp-content\/uploads\/2017\/03\/Salinera-Espanola-Flor-de-sal-Hierbas-Aromaticas-Salinas-de-Ibiza_100g_Vert-800x800.jpg 800w, https:\/\/www.salineraespanola.com\/wp-content\/uploads\/2017\/03\/Salinera-Espanola-Flor-de-sal-Hierbas-Aromaticas-Salinas-de-Ibiza_100g_Vert-1200x1200.jpg 1200w, https:\/\/www.salineraespanola.com\/wp-content\/uploads\/2017\/03\/Salinera-Espanola-Flor-de-sal-Hierbas-Aromaticas-Salinas-de-Ibiza_100g_Vert.jpg 1400w\" data-sizes=\"auto\" data-caption=\"\" data-src=\"https:\/\/www.salineraespanola.com\/wp-content\/uploads\/2017\/03\/Salinera-Espanola-Flor-de-sal-Hierbas-Aromaticas-Salinas-de-Ibiza_100g_Vert.jpg\" data-large_image=\"https:\/\/www.salineraespanola.com\/wp-content\/uploads\/2017\/03\/Salinera-Espanola-Flor-de-sal-Hierbas-Aromaticas-Salinas-de-Ibiza_100g_Vert.jpg\" data-large_image_width=\"1400\" data-large_image_height=\"1400\" \/>\n\t\t\t\t\t\t<div class=\"cart-loading\"><i class=\"awb-icon-spinner\" aria-hidden=\"true\"><\/i><\/div>\n\t\t\t<\/div>\n<\/a><\/div><div class=\"fusion-title title fusion-title-11 fusion-sep-none fusion-title-center fusion-title-text fusion-title-size-three\" style=\"--awb-margin-top:10px;--awb-margin-right:10px;--awb-margin-bottom:5px;--awb-margin-left:10px;--awb-margin-top-small:0px;--awb-margin-right-small:0px;--awb-margin-bottom-small:20px;--awb-margin-left-small:0px;--awb-font-size:22px;\"><h3 class=\"fusion-title-heading title-heading-center fusion-responsive-typography-calculated\" style=\"margin:0;font-size:1em;--fontSize:22;--minFontSize:22;line-height:1.4;\"><a href=\"https:\/\/www.salineraespanola.com\/en\/producto\/salinas-de-ibiza-fleur-de-sel-sea-salt-with-aromatic-herbs\/\" class=\"awb-custom-text-color awb-custom-text-hover-color\" target=\"_self\">Salinas de Ibiza fleur de sel sea salt with aromatic herbs<\/a><\/h3><\/div><div class=\"fusion-woo-price-tb fusion-woo-price-tb-10 sale-position-right has-border floated has-badge badge-position-right\" style=\"--awb-badge-border-size:1px;--awb-alignment:center;--awb-border-radius:0px 0px 0px 0px;--awb-price-font-family:inherit;--awb-price-font-style:normal;--awb-price-font-weight:400;--awb-sale-font-family:inherit;--awb-sale-font-style:normal;--awb-sale-font-weight:400;--awb-stock-font-family:inherit;--awb-stock-font-style:normal;--awb-stock-font-weight:400;--awb-badge-font-family:inherit;--awb-badge-font-style:normal;--awb-badge-font-weight:400;\"><p class=\"price\"><span class=\"woocommerce-Price-amount amount\"><bdi>7,65<span class=\"woocommerce-Price-currencySymbol\">&euro;<\/span><\/bdi><\/span> <small class=\"woocommerce-price-suffix\">IVA included<\/small><\/p>\n<\/div><\/div><\/li>\n<li class=\"fusion-layout-column fusion_builder_column fusion-builder-column-12 fusion-flex-column post-card fusion-grid-column fusion-post-cards-grid-column product-grid-view product type-product\" style=\"--awb-padding-bottom:15px;--awb-bg-blend:overlay;--awb-bg-size:cover;--awb-box-shadow:0px 3px 7px 2px var(--awb-color4);;--awb-flex-grow:0;--awb-flex-shrink:0;--awb-flex-grow-medium:0;--awb-flex-shrink-medium:0;--awb-flex-grow-small:0;--awb-flex-shrink-small:0;\"><div class=\"fusion-column-wrapper fusion-column-has-shadow fusion-flex-justify-content-flex-start fusion-content-layout-column\"><div class=\"fusion-clean-product-image-wrapper fusion-woo-product-image fusion-post-card-image fusion-post-card-image-1 product-images images\" data-layout=\"crossfade\"><a href=\"https:\/\/www.salineraespanola.com\/en\/producto\/salinas-de-ibiza-pink-fleur-de-sel-sea-salt\/\" title=\"Salinas de Ibiza pink fleur de sel sea salt\"><div class=\"featured-image woocommerce-product-gallery__image crossfade-images\">\n\t<img decoding=\"async\" width=\"500\" height=\"500\" src=\"https:\/\/www.salineraespanola.com\/wp-content\/uploads\/2017\/03\/Salinera-Espanola-Flor-de-sal-con-especias-Rosada-Salinas-de-Ibiza_100g_Tapa-500x500.jpg\" class=\"hover-image lazyload\" alt=\"\" srcset=\"data:image\/svg+xml,%3Csvg%20xmlns%3D%27http%3A%2F%2Fwww.w3.org%2F2000%2Fsvg%27%20width%3D%271400%27%20height%3D%271400%27%20viewBox%3D%270%200%201400%201400%27%3E%3Crect%20width%3D%271400%27%20height%3D%271400%27%20fill-opacity%3D%220%22%2F%3E%3C%2Fsvg%3E\" data-orig-src=\"https:\/\/www.salineraespanola.com\/wp-content\/uploads\/2017\/03\/Salinera-Espanola-Flor-de-sal-con-especias-Rosada-Salinas-de-Ibiza_100g_Tapa-500x500.jpg\" data-srcset=\"https:\/\/www.salineraespanola.com\/wp-content\/uploads\/2017\/03\/Salinera-Espanola-Flor-de-sal-con-especias-Rosada-Salinas-de-Ibiza_100g_Tapa-200x200.jpg 200w, https:\/\/www.salineraespanola.com\/wp-content\/uploads\/2017\/03\/Salinera-Espanola-Flor-de-sal-con-especias-Rosada-Salinas-de-Ibiza_100g_Tapa-400x400.jpg 400w, https:\/\/www.salineraespanola.com\/wp-content\/uploads\/2017\/03\/Salinera-Espanola-Flor-de-sal-con-especias-Rosada-Salinas-de-Ibiza_100g_Tapa-600x600.jpg 600w, https:\/\/www.salineraespanola.com\/wp-content\/uploads\/2017\/03\/Salinera-Espanola-Flor-de-sal-con-especias-Rosada-Salinas-de-Ibiza_100g_Tapa-800x800.jpg 800w, https:\/\/www.salineraespanola.com\/wp-content\/uploads\/2017\/03\/Salinera-Espanola-Flor-de-sal-con-especias-Rosada-Salinas-de-Ibiza_100g_Tapa-1200x1200.jpg 1200w, https:\/\/www.salineraespanola.com\/wp-content\/uploads\/2017\/03\/Salinera-Espanola-Flor-de-sal-con-especias-Rosada-Salinas-de-Ibiza_100g_Tapa.jpg 1400w\" data-sizes=\"auto\" data-caption=\"\" data-src=\"https:\/\/www.salineraespanola.com\/wp-content\/uploads\/2017\/03\/Salinera-Espanola-Flor-de-sal-con-especias-Rosada-Salinas-de-Ibiza_100g_Tapa.jpg\" data-large_image=\"https:\/\/www.salineraespanola.com\/wp-content\/uploads\/2017\/03\/Salinera-Espanola-Flor-de-sal-con-especias-Rosada-Salinas-de-Ibiza_100g_Tapa.jpg\" data-large_image_width=\"1400\" data-large_image_height=\"1400\" \/>\t<img decoding=\"async\" width=\"500\" height=\"500\" src=\"https:\/\/www.salineraespanola.com\/wp-content\/uploads\/2017\/03\/Salinera-Espanola-Flor-de-sal-con-especias-Rosada-Salinas-de-Ibiza_100g_Vert-500x500.jpg\" class=\"attachment-woocommerce_thumbnail size-woocommerce_thumbnail lazyload wp-post-image\" alt=\"\" srcset=\"data:image\/svg+xml,%3Csvg%20xmlns%3D%27http%3A%2F%2Fwww.w3.org%2F2000%2Fsvg%27%20width%3D%271400%27%20height%3D%271400%27%20viewBox%3D%270%200%201400%201400%27%3E%3Crect%20width%3D%271400%27%20height%3D%271400%27%20fill-opacity%3D%220%22%2F%3E%3C%2Fsvg%3E\" data-orig-src=\"https:\/\/www.salineraespanola.com\/wp-content\/uploads\/2017\/03\/Salinera-Espanola-Flor-de-sal-con-especias-Rosada-Salinas-de-Ibiza_100g_Vert-500x500.jpg\" data-srcset=\"https:\/\/www.salineraespanola.com\/wp-content\/uploads\/2017\/03\/Salinera-Espanola-Flor-de-sal-con-especias-Rosada-Salinas-de-Ibiza_100g_Vert-200x200.jpg 200w, https:\/\/www.salineraespanola.com\/wp-content\/uploads\/2017\/03\/Salinera-Espanola-Flor-de-sal-con-especias-Rosada-Salinas-de-Ibiza_100g_Vert-400x400.jpg 400w, https:\/\/www.salineraespanola.com\/wp-content\/uploads\/2017\/03\/Salinera-Espanola-Flor-de-sal-con-especias-Rosada-Salinas-de-Ibiza_100g_Vert-600x600.jpg 600w, https:\/\/www.salineraespanola.com\/wp-content\/uploads\/2017\/03\/Salinera-Espanola-Flor-de-sal-con-especias-Rosada-Salinas-de-Ibiza_100g_Vert-800x800.jpg 800w, https:\/\/www.salineraespanola.com\/wp-content\/uploads\/2017\/03\/Salinera-Espanola-Flor-de-sal-con-especias-Rosada-Salinas-de-Ibiza_100g_Vert-1200x1200.jpg 1200w, https:\/\/www.salineraespanola.com\/wp-content\/uploads\/2017\/03\/Salinera-Espanola-Flor-de-sal-con-especias-Rosada-Salinas-de-Ibiza_100g_Vert.jpg 1400w\" data-sizes=\"auto\" data-caption=\"\" data-src=\"https:\/\/www.salineraespanola.com\/wp-content\/uploads\/2017\/03\/Salinera-Espanola-Flor-de-sal-con-especias-Rosada-Salinas-de-Ibiza_100g_Vert.jpg\" data-large_image=\"https:\/\/www.salineraespanola.com\/wp-content\/uploads\/2017\/03\/Salinera-Espanola-Flor-de-sal-con-especias-Rosada-Salinas-de-Ibiza_100g_Vert.jpg\" data-large_image_width=\"1400\" data-large_image_height=\"1400\" \/>\n\t\t\t\t\t\t<div class=\"cart-loading\"><i class=\"awb-icon-spinner\" aria-hidden=\"true\"><\/i><\/div>\n\t\t\t<\/div>\n<\/a><\/div><div class=\"fusion-title title fusion-title-12 fusion-sep-none fusion-title-center fusion-title-text fusion-title-size-three\" style=\"--awb-margin-top:10px;--awb-margin-right:10px;--awb-margin-bottom:5px;--awb-margin-left:10px;--awb-margin-top-small:0px;--awb-margin-right-small:0px;--awb-margin-bottom-small:20px;--awb-margin-left-small:0px;--awb-font-size:22px;\"><h3 class=\"fusion-title-heading title-heading-center fusion-responsive-typography-calculated\" style=\"margin:0;font-size:1em;--fontSize:22;--minFontSize:22;line-height:1.4;\"><a href=\"https:\/\/www.salineraespanola.com\/en\/producto\/salinas-de-ibiza-pink-fleur-de-sel-sea-salt\/\" class=\"awb-custom-text-color awb-custom-text-hover-color\" target=\"_self\">Salinas de Ibiza pink fleur de sel sea salt<\/a><\/h3><\/div><div class=\"fusion-woo-price-tb fusion-woo-price-tb-11 sale-position-right has-border floated has-badge badge-position-right\" style=\"--awb-badge-border-size:1px;--awb-alignment:center;--awb-border-radius:0px 0px 0px 0px;--awb-price-font-family:inherit;--awb-price-font-style:normal;--awb-price-font-weight:400;--awb-sale-font-family:inherit;--awb-sale-font-style:normal;--awb-sale-font-weight:400;--awb-stock-font-family:inherit;--awb-stock-font-style:normal;--awb-stock-font-weight:400;--awb-badge-font-family:inherit;--awb-badge-font-style:normal;--awb-badge-font-weight:400;\"><p class=\"price\"><span class=\"woocommerce-Price-amount amount\"><bdi>7,65<span class=\"woocommerce-Price-currencySymbol\">&euro;<\/span><\/bdi><\/span> <small class=\"woocommerce-price-suffix\">IVA included<\/small><\/p>\n<\/div><\/div><\/li>\n<li class=\"fusion-layout-column fusion_builder_column fusion-builder-column-13 fusion-flex-column post-card fusion-grid-column fusion-post-cards-grid-column product-grid-view product type-product\" style=\"--awb-padding-bottom:15px;--awb-bg-blend:overlay;--awb-bg-size:cover;--awb-box-shadow:0px 3px 7px 2px var(--awb-color4);;--awb-flex-grow:0;--awb-flex-shrink:0;--awb-flex-grow-medium:0;--awb-flex-shrink-medium:0;--awb-flex-grow-small:0;--awb-flex-shrink-small:0;\"><div class=\"fusion-column-wrapper fusion-column-has-shadow fusion-flex-justify-content-flex-start fusion-content-layout-column\"><div class=\"fusion-clean-product-image-wrapper fusion-woo-product-image fusion-post-card-image fusion-post-card-image-1 product-images images\" data-layout=\"crossfade\"><a href=\"https:\/\/www.salineraespanola.com\/en\/producto\/salinas-de-ibiza-fleur-de-sel-sea-salt-with-spices-barbecue\/\" title=\"Salinas de Ibiza fleur de sel sea salt with spices Barbecue\"><div class=\"featured-image woocommerce-product-gallery__image crossfade-images\">\n\t<img decoding=\"async\" width=\"500\" height=\"500\" src=\"https:\/\/www.salineraespanola.com\/wp-content\/uploads\/2023\/11\/Salinera-Espanola-Flor-de-sal-con-especias-Barbacoa-Salinas-de-Ibiza_100g_Tapa-500x500.jpg\" class=\"hover-image lazyload\" alt=\"\" srcset=\"data:image\/svg+xml,%3Csvg%20xmlns%3D%27http%3A%2F%2Fwww.w3.org%2F2000%2Fsvg%27%20width%3D%271400%27%20height%3D%271400%27%20viewBox%3D%270%200%201400%201400%27%3E%3Crect%20width%3D%271400%27%20height%3D%271400%27%20fill-opacity%3D%220%22%2F%3E%3C%2Fsvg%3E\" data-orig-src=\"https:\/\/www.salineraespanola.com\/wp-content\/uploads\/2023\/11\/Salinera-Espanola-Flor-de-sal-con-especias-Barbacoa-Salinas-de-Ibiza_100g_Tapa-500x500.jpg\" data-srcset=\"https:\/\/www.salineraespanola.com\/wp-content\/uploads\/2023\/11\/Salinera-Espanola-Flor-de-sal-con-especias-Barbacoa-Salinas-de-Ibiza_100g_Tapa-200x200.jpg 200w, https:\/\/www.salineraespanola.com\/wp-content\/uploads\/2023\/11\/Salinera-Espanola-Flor-de-sal-con-especias-Barbacoa-Salinas-de-Ibiza_100g_Tapa-400x400.jpg 400w, https:\/\/www.salineraespanola.com\/wp-content\/uploads\/2023\/11\/Salinera-Espanola-Flor-de-sal-con-especias-Barbacoa-Salinas-de-Ibiza_100g_Tapa-600x600.jpg 600w, https:\/\/www.salineraespanola.com\/wp-content\/uploads\/2023\/11\/Salinera-Espanola-Flor-de-sal-con-especias-Barbacoa-Salinas-de-Ibiza_100g_Tapa-800x800.jpg 800w, https:\/\/www.salineraespanola.com\/wp-content\/uploads\/2023\/11\/Salinera-Espanola-Flor-de-sal-con-especias-Barbacoa-Salinas-de-Ibiza_100g_Tapa-1200x1200.jpg 1200w, https:\/\/www.salineraespanola.com\/wp-content\/uploads\/2023\/11\/Salinera-Espanola-Flor-de-sal-con-especias-Barbacoa-Salinas-de-Ibiza_100g_Tapa.jpg 1400w\" data-sizes=\"auto\" data-caption=\"\" data-src=\"https:\/\/www.salineraespanola.com\/wp-content\/uploads\/2023\/11\/Salinera-Espanola-Flor-de-sal-con-especias-Barbacoa-Salinas-de-Ibiza_100g_Tapa.jpg\" data-large_image=\"https:\/\/www.salineraespanola.com\/wp-content\/uploads\/2023\/11\/Salinera-Espanola-Flor-de-sal-con-especias-Barbacoa-Salinas-de-Ibiza_100g_Tapa.jpg\" data-large_image_width=\"1400\" data-large_image_height=\"1400\" \/>\t<img decoding=\"async\" width=\"500\" height=\"500\" src=\"https:\/\/www.salineraespanola.com\/wp-content\/uploads\/2023\/11\/Salinera-Espanola-Flor-de-sal-con-especias-Barbacoa-Salinas-de-Ibiza_100g_Vert-500x500.jpg\" class=\"attachment-woocommerce_thumbnail size-woocommerce_thumbnail lazyload wp-post-image\" alt=\"\" srcset=\"data:image\/svg+xml,%3Csvg%20xmlns%3D%27http%3A%2F%2Fwww.w3.org%2F2000%2Fsvg%27%20width%3D%271400%27%20height%3D%271400%27%20viewBox%3D%270%200%201400%201400%27%3E%3Crect%20width%3D%271400%27%20height%3D%271400%27%20fill-opacity%3D%220%22%2F%3E%3C%2Fsvg%3E\" data-orig-src=\"https:\/\/www.salineraespanola.com\/wp-content\/uploads\/2023\/11\/Salinera-Espanola-Flor-de-sal-con-especias-Barbacoa-Salinas-de-Ibiza_100g_Vert-500x500.jpg\" data-srcset=\"https:\/\/www.salineraespanola.com\/wp-content\/uploads\/2023\/11\/Salinera-Espanola-Flor-de-sal-con-especias-Barbacoa-Salinas-de-Ibiza_100g_Vert-200x200.jpg 200w, https:\/\/www.salineraespanola.com\/wp-content\/uploads\/2023\/11\/Salinera-Espanola-Flor-de-sal-con-especias-Barbacoa-Salinas-de-Ibiza_100g_Vert-400x400.jpg 400w, https:\/\/www.salineraespanola.com\/wp-content\/uploads\/2023\/11\/Salinera-Espanola-Flor-de-sal-con-especias-Barbacoa-Salinas-de-Ibiza_100g_Vert-600x600.jpg 600w, https:\/\/www.salineraespanola.com\/wp-content\/uploads\/2023\/11\/Salinera-Espanola-Flor-de-sal-con-especias-Barbacoa-Salinas-de-Ibiza_100g_Vert-800x800.jpg 800w, https:\/\/www.salineraespanola.com\/wp-content\/uploads\/2023\/11\/Salinera-Espanola-Flor-de-sal-con-especias-Barbacoa-Salinas-de-Ibiza_100g_Vert-1200x1200.jpg 1200w, https:\/\/www.salineraespanola.com\/wp-content\/uploads\/2023\/11\/Salinera-Espanola-Flor-de-sal-con-especias-Barbacoa-Salinas-de-Ibiza_100g_Vert.jpg 1400w\" data-sizes=\"auto\" data-caption=\"\" data-src=\"https:\/\/www.salineraespanola.com\/wp-content\/uploads\/2023\/11\/Salinera-Espanola-Flor-de-sal-con-especias-Barbacoa-Salinas-de-Ibiza_100g_Vert.jpg\" data-large_image=\"https:\/\/www.salineraespanola.com\/wp-content\/uploads\/2023\/11\/Salinera-Espanola-Flor-de-sal-con-especias-Barbacoa-Salinas-de-Ibiza_100g_Vert.jpg\" data-large_image_width=\"1400\" data-large_image_height=\"1400\" \/>\n\t\t\t\t\t\t<div class=\"cart-loading\"><i class=\"awb-icon-spinner\" aria-hidden=\"true\"><\/i><\/div>\n\t\t\t<\/div>\n<\/a><\/div><div class=\"fusion-title title fusion-title-13 fusion-sep-none fusion-title-center fusion-title-text fusion-title-size-three\" style=\"--awb-margin-top:10px;--awb-margin-right:10px;--awb-margin-bottom:5px;--awb-margin-left:10px;--awb-margin-top-small:0px;--awb-margin-right-small:0px;--awb-margin-bottom-small:20px;--awb-margin-left-small:0px;--awb-font-size:22px;\"><h3 class=\"fusion-title-heading title-heading-center fusion-responsive-typography-calculated\" style=\"margin:0;font-size:1em;--fontSize:22;--minFontSize:22;line-height:1.4;\"><a href=\"https:\/\/www.salineraespanola.com\/en\/producto\/salinas-de-ibiza-fleur-de-sel-sea-salt-with-spices-barbecue\/\" class=\"awb-custom-text-color awb-custom-text-hover-color\" target=\"_self\">Salinas de Ibiza fleur de sel sea salt with spices Barbecue<\/a><\/h3><\/div><div class=\"fusion-woo-price-tb fusion-woo-price-tb-12 sale-position-right has-border floated has-badge badge-position-right\" style=\"--awb-badge-border-size:1px;--awb-alignment:center;--awb-border-radius:0px 0px 0px 0px;--awb-price-font-family:inherit;--awb-price-font-style:normal;--awb-price-font-weight:400;--awb-sale-font-family:inherit;--awb-sale-font-style:normal;--awb-sale-font-weight:400;--awb-stock-font-family:inherit;--awb-stock-font-style:normal;--awb-stock-font-weight:400;--awb-badge-font-family:inherit;--awb-badge-font-style:normal;--awb-badge-font-weight:400;\"><p class=\"price\"><span class=\"woocommerce-Price-amount amount\"><bdi>7,65<span class=\"woocommerce-Price-currencySymbol\">&euro;<\/span><\/bdi><\/span> <small class=\"woocommerce-price-suffix\">IVA included<\/small><\/p>\n<\/div><\/div><\/li>\n<li class=\"fusion-layout-column fusion_builder_column fusion-builder-column-14 fusion-flex-column post-card fusion-grid-column fusion-post-cards-grid-column product-grid-view product type-product\" style=\"--awb-padding-bottom:15px;--awb-bg-blend:overlay;--awb-bg-size:cover;--awb-box-shadow:0px 3px 7px 2px var(--awb-color4);;--awb-flex-grow:0;--awb-flex-shrink:0;--awb-flex-grow-medium:0;--awb-flex-shrink-medium:0;--awb-flex-grow-small:0;--awb-flex-shrink-small:0;\"><div class=\"fusion-column-wrapper fusion-column-has-shadow fusion-flex-justify-content-flex-start fusion-content-layout-column\"><div class=\"fusion-clean-product-image-wrapper fusion-woo-product-image fusion-post-card-image fusion-post-card-image-1 product-images images\" data-layout=\"crossfade\"><a href=\"https:\/\/www.salineraespanola.com\/en\/producto\/coarse-sea-salt-from-the-salinas-de-ibiza\/\" title=\"Coarse Sea Salt from the Salinas de Ibiza\"><div class=\"featured-image woocommerce-product-gallery__image crossfade-images\">\n\t<img decoding=\"async\" width=\"500\" height=\"500\" src=\"https:\/\/www.salineraespanola.com\/wp-content\/uploads\/2017\/03\/Salinera-Espanola-Sal-Marina-Salinas-de-Ibiza_100g_Tapa-500x500.jpg\" class=\"hover-image lazyload\" alt=\"\" srcset=\"data:image\/svg+xml,%3Csvg%20xmlns%3D%27http%3A%2F%2Fwww.w3.org%2F2000%2Fsvg%27%20width%3D%271400%27%20height%3D%271400%27%20viewBox%3D%270%200%201400%201400%27%3E%3Crect%20width%3D%271400%27%20height%3D%271400%27%20fill-opacity%3D%220%22%2F%3E%3C%2Fsvg%3E\" data-orig-src=\"https:\/\/www.salineraespanola.com\/wp-content\/uploads\/2017\/03\/Salinera-Espanola-Sal-Marina-Salinas-de-Ibiza_100g_Tapa-500x500.jpg\" data-srcset=\"https:\/\/www.salineraespanola.com\/wp-content\/uploads\/2017\/03\/Salinera-Espanola-Sal-Marina-Salinas-de-Ibiza_100g_Tapa-200x200.jpg 200w, https:\/\/www.salineraespanola.com\/wp-content\/uploads\/2017\/03\/Salinera-Espanola-Sal-Marina-Salinas-de-Ibiza_100g_Tapa-400x400.jpg 400w, https:\/\/www.salineraespanola.com\/wp-content\/uploads\/2017\/03\/Salinera-Espanola-Sal-Marina-Salinas-de-Ibiza_100g_Tapa-600x600.jpg 600w, https:\/\/www.salineraespanola.com\/wp-content\/uploads\/2017\/03\/Salinera-Espanola-Sal-Marina-Salinas-de-Ibiza_100g_Tapa-800x800.jpg 800w, https:\/\/www.salineraespanola.com\/wp-content\/uploads\/2017\/03\/Salinera-Espanola-Sal-Marina-Salinas-de-Ibiza_100g_Tapa-1200x1200.jpg 1200w, https:\/\/www.salineraespanola.com\/wp-content\/uploads\/2017\/03\/Salinera-Espanola-Sal-Marina-Salinas-de-Ibiza_100g_Tapa.jpg 1400w\" data-sizes=\"auto\" data-caption=\"\" data-src=\"https:\/\/www.salineraespanola.com\/wp-content\/uploads\/2017\/03\/Salinera-Espanola-Sal-Marina-Salinas-de-Ibiza_100g_Tapa.jpg\" data-large_image=\"https:\/\/www.salineraespanola.com\/wp-content\/uploads\/2017\/03\/Salinera-Espanola-Sal-Marina-Salinas-de-Ibiza_100g_Tapa.jpg\" data-large_image_width=\"1400\" data-large_image_height=\"1400\" \/>\t<img decoding=\"async\" width=\"500\" height=\"500\" src=\"https:\/\/www.salineraespanola.com\/wp-content\/uploads\/2017\/03\/Salinera-Espanola-Sal-Marina-Salinas-de-Ibiza_100g_Vert-500x500.jpg\" class=\"attachment-woocommerce_thumbnail size-woocommerce_thumbnail lazyload wp-post-image\" alt=\"\" srcset=\"data:image\/svg+xml,%3Csvg%20xmlns%3D%27http%3A%2F%2Fwww.w3.org%2F2000%2Fsvg%27%20width%3D%271400%27%20height%3D%271400%27%20viewBox%3D%270%200%201400%201400%27%3E%3Crect%20width%3D%271400%27%20height%3D%271400%27%20fill-opacity%3D%220%22%2F%3E%3C%2Fsvg%3E\" data-orig-src=\"https:\/\/www.salineraespanola.com\/wp-content\/uploads\/2017\/03\/Salinera-Espanola-Sal-Marina-Salinas-de-Ibiza_100g_Vert-500x500.jpg\" data-srcset=\"https:\/\/www.salineraespanola.com\/wp-content\/uploads\/2017\/03\/Salinera-Espanola-Sal-Marina-Salinas-de-Ibiza_100g_Vert-200x200.jpg 200w, https:\/\/www.salineraespanola.com\/wp-content\/uploads\/2017\/03\/Salinera-Espanola-Sal-Marina-Salinas-de-Ibiza_100g_Vert-400x400.jpg 400w, https:\/\/www.salineraespanola.com\/wp-content\/uploads\/2017\/03\/Salinera-Espanola-Sal-Marina-Salinas-de-Ibiza_100g_Vert-600x600.jpg 600w, https:\/\/www.salineraespanola.com\/wp-content\/uploads\/2017\/03\/Salinera-Espanola-Sal-Marina-Salinas-de-Ibiza_100g_Vert-800x800.jpg 800w, https:\/\/www.salineraespanola.com\/wp-content\/uploads\/2017\/03\/Salinera-Espanola-Sal-Marina-Salinas-de-Ibiza_100g_Vert-1200x1200.jpg 1200w, https:\/\/www.salineraespanola.com\/wp-content\/uploads\/2017\/03\/Salinera-Espanola-Sal-Marina-Salinas-de-Ibiza_100g_Vert.jpg 1400w\" data-sizes=\"auto\" data-caption=\"\" data-src=\"https:\/\/www.salineraespanola.com\/wp-content\/uploads\/2017\/03\/Salinera-Espanola-Sal-Marina-Salinas-de-Ibiza_100g_Vert.jpg\" data-large_image=\"https:\/\/www.salineraespanola.com\/wp-content\/uploads\/2017\/03\/Salinera-Espanola-Sal-Marina-Salinas-de-Ibiza_100g_Vert.jpg\" data-large_image_width=\"1400\" data-large_image_height=\"1400\" \/>\n\t\t\t\t\t\t<div class=\"cart-loading\"><i class=\"awb-icon-spinner\" aria-hidden=\"true\"><\/i><\/div>\n\t\t\t<\/div>\n<\/a><\/div><div class=\"fusion-title title fusion-title-14 fusion-sep-none fusion-title-center fusion-title-text fusion-title-size-three\" style=\"--awb-margin-top:10px;--awb-margin-right:10px;--awb-margin-bottom:5px;--awb-margin-left:10px;--awb-margin-top-small:0px;--awb-margin-right-small:0px;--awb-margin-bottom-small:20px;--awb-margin-left-small:0px;--awb-font-size:22px;\"><h3 class=\"fusion-title-heading title-heading-center fusion-responsive-typography-calculated\" style=\"margin:0;font-size:1em;--fontSize:22;--minFontSize:22;line-height:1.4;\"><a href=\"https:\/\/www.salineraespanola.com\/en\/producto\/coarse-sea-salt-from-the-salinas-de-ibiza\/\" class=\"awb-custom-text-color awb-custom-text-hover-color\" target=\"_self\">Coarse Sea Salt from the Salinas de Ibiza<\/a><\/h3><\/div><div class=\"fusion-woo-price-tb fusion-woo-price-tb-13 sale-position-right has-border floated has-badge badge-position-right\" style=\"--awb-badge-border-size:1px;--awb-alignment:center;--awb-border-radius:0px 0px 0px 0px;--awb-price-font-family:inherit;--awb-price-font-style:normal;--awb-price-font-weight:400;--awb-sale-font-family:inherit;--awb-sale-font-style:normal;--awb-sale-font-weight:400;--awb-stock-font-family:inherit;--awb-stock-font-style:normal;--awb-stock-font-weight:400;--awb-badge-font-family:inherit;--awb-badge-font-style:normal;--awb-badge-font-weight:400;\"><p class=\"price\"><span class=\"woocommerce-Price-amount amount\"><bdi>6,05<span class=\"woocommerce-Price-currencySymbol\">&euro;<\/span><\/bdi><\/span> <small class=\"woocommerce-price-suffix\">IVA included<\/small><\/p>\n<\/div><\/div><\/li>\n<li class=\"fusion-layout-column fusion_builder_column fusion-builder-column-15 fusion-flex-column post-card fusion-grid-column fusion-post-cards-grid-column product-grid-view product type-product\" style=\"--awb-padding-bottom:15px;--awb-bg-blend:overlay;--awb-bg-size:cover;--awb-box-shadow:0px 3px 7px 2px var(--awb-color4);;--awb-flex-grow:0;--awb-flex-shrink:0;--awb-flex-grow-medium:0;--awb-flex-shrink-medium:0;--awb-flex-grow-small:0;--awb-flex-shrink-small:0;\"><div class=\"fusion-column-wrapper fusion-column-has-shadow fusion-flex-justify-content-flex-start fusion-content-layout-column\"><div class=\"fusion-clean-product-image-wrapper fusion-woo-product-image fusion-post-card-image fusion-post-card-image-1 product-images images\" data-layout=\"crossfade\"><a href=\"https:\/\/www.salineraespanola.com\/en\/producto\/salinas-de-ibiza-fleur-de-sel-sea-salt\/\" title=\"Salinas de Ibiza fleur de sel sea salt\"><div class=\"featured-image woocommerce-product-gallery__image crossfade-images\">\n\t<img decoding=\"async\" width=\"500\" height=\"500\" src=\"https:\/\/www.salineraespanola.com\/wp-content\/uploads\/2017\/03\/Salinera-Espanola-Flor-de-Sal-Salinas-de-Ibiza_100g_Tapa-500x500.jpg\" class=\"hover-image lazyload\" alt=\"\" srcset=\"data:image\/svg+xml,%3Csvg%20xmlns%3D%27http%3A%2F%2Fwww.w3.org%2F2000%2Fsvg%27%20width%3D%271400%27%20height%3D%271400%27%20viewBox%3D%270%200%201400%201400%27%3E%3Crect%20width%3D%271400%27%20height%3D%271400%27%20fill-opacity%3D%220%22%2F%3E%3C%2Fsvg%3E\" data-orig-src=\"https:\/\/www.salineraespanola.com\/wp-content\/uploads\/2017\/03\/Salinera-Espanola-Flor-de-Sal-Salinas-de-Ibiza_100g_Tapa-500x500.jpg\" data-srcset=\"https:\/\/www.salineraespanola.com\/wp-content\/uploads\/2017\/03\/Salinera-Espanola-Flor-de-Sal-Salinas-de-Ibiza_100g_Tapa-200x200.jpg 200w, https:\/\/www.salineraespanola.com\/wp-content\/uploads\/2017\/03\/Salinera-Espanola-Flor-de-Sal-Salinas-de-Ibiza_100g_Tapa-400x400.jpg 400w, https:\/\/www.salineraespanola.com\/wp-content\/uploads\/2017\/03\/Salinera-Espanola-Flor-de-Sal-Salinas-de-Ibiza_100g_Tapa-600x600.jpg 600w, https:\/\/www.salineraespanola.com\/wp-content\/uploads\/2017\/03\/Salinera-Espanola-Flor-de-Sal-Salinas-de-Ibiza_100g_Tapa-800x800.jpg 800w, https:\/\/www.salineraespanola.com\/wp-content\/uploads\/2017\/03\/Salinera-Espanola-Flor-de-Sal-Salinas-de-Ibiza_100g_Tapa-1200x1200.jpg 1200w, https:\/\/www.salineraespanola.com\/wp-content\/uploads\/2017\/03\/Salinera-Espanola-Flor-de-Sal-Salinas-de-Ibiza_100g_Tapa.jpg 1400w\" data-sizes=\"auto\" data-caption=\"\" data-src=\"https:\/\/www.salineraespanola.com\/wp-content\/uploads\/2017\/03\/Salinera-Espanola-Flor-de-Sal-Salinas-de-Ibiza_100g_Tapa.jpg\" data-large_image=\"https:\/\/www.salineraespanola.com\/wp-content\/uploads\/2017\/03\/Salinera-Espanola-Flor-de-Sal-Salinas-de-Ibiza_100g_Tapa.jpg\" data-large_image_width=\"1400\" data-large_image_height=\"1400\" \/>\t<img decoding=\"async\" width=\"500\" height=\"500\" src=\"https:\/\/www.salineraespanola.com\/wp-content\/uploads\/2017\/03\/Salinera-Espanola-Flor-de-Sal-Salinas-de-Ibiza_100g_Vert-500x500.jpg\" class=\"attachment-woocommerce_thumbnail size-woocommerce_thumbnail lazyload wp-post-image\" alt=\"\" srcset=\"data:image\/svg+xml,%3Csvg%20xmlns%3D%27http%3A%2F%2Fwww.w3.org%2F2000%2Fsvg%27%20width%3D%271400%27%20height%3D%271400%27%20viewBox%3D%270%200%201400%201400%27%3E%3Crect%20width%3D%271400%27%20height%3D%271400%27%20fill-opacity%3D%220%22%2F%3E%3C%2Fsvg%3E\" data-orig-src=\"https:\/\/www.salineraespanola.com\/wp-content\/uploads\/2017\/03\/Salinera-Espanola-Flor-de-Sal-Salinas-de-Ibiza_100g_Vert-500x500.jpg\" data-srcset=\"https:\/\/www.salineraespanola.com\/wp-content\/uploads\/2017\/03\/Salinera-Espanola-Flor-de-Sal-Salinas-de-Ibiza_100g_Vert-200x200.jpg 200w, https:\/\/www.salineraespanola.com\/wp-content\/uploads\/2017\/03\/Salinera-Espanola-Flor-de-Sal-Salinas-de-Ibiza_100g_Vert-400x400.jpg 400w, https:\/\/www.salineraespanola.com\/wp-content\/uploads\/2017\/03\/Salinera-Espanola-Flor-de-Sal-Salinas-de-Ibiza_100g_Vert-600x600.jpg 600w, https:\/\/www.salineraespanola.com\/wp-content\/uploads\/2017\/03\/Salinera-Espanola-Flor-de-Sal-Salinas-de-Ibiza_100g_Vert-800x800.jpg 800w, https:\/\/www.salineraespanola.com\/wp-content\/uploads\/2017\/03\/Salinera-Espanola-Flor-de-Sal-Salinas-de-Ibiza_100g_Vert-1200x1200.jpg 1200w, https:\/\/www.salineraespanola.com\/wp-content\/uploads\/2017\/03\/Salinera-Espanola-Flor-de-Sal-Salinas-de-Ibiza_100g_Vert.jpg 1400w\" data-sizes=\"auto\" data-caption=\"\" data-src=\"https:\/\/www.salineraespanola.com\/wp-content\/uploads\/2017\/03\/Salinera-Espanola-Flor-de-Sal-Salinas-de-Ibiza_100g_Vert.jpg\" data-large_image=\"https:\/\/www.salineraespanola.com\/wp-content\/uploads\/2017\/03\/Salinera-Espanola-Flor-de-Sal-Salinas-de-Ibiza_100g_Vert.jpg\" data-large_image_width=\"1400\" data-large_image_height=\"1400\" \/>\n\t\t\t\t\t\t<div class=\"cart-loading\"><i class=\"awb-icon-spinner\" aria-hidden=\"true\"><\/i><\/div>\n\t\t\t<\/div>\n<\/a><\/div><div class=\"fusion-title title fusion-title-15 fusion-sep-none fusion-title-center fusion-title-text fusion-title-size-three\" style=\"--awb-margin-top:10px;--awb-margin-right:10px;--awb-margin-bottom:5px;--awb-margin-left:10px;--awb-margin-top-small:0px;--awb-margin-right-small:0px;--awb-margin-bottom-small:20px;--awb-margin-left-small:0px;--awb-font-size:22px;\"><h3 class=\"fusion-title-heading title-heading-center fusion-responsive-typography-calculated\" style=\"margin:0;font-size:1em;--fontSize:22;--minFontSize:22;line-height:1.4;\"><a href=\"https:\/\/www.salineraespanola.com\/en\/producto\/salinas-de-ibiza-fleur-de-sel-sea-salt\/\" class=\"awb-custom-text-color awb-custom-text-hover-color\" target=\"_self\">Salinas de Ibiza fleur de sel sea salt<\/a><\/h3><\/div><div class=\"fusion-woo-price-tb fusion-woo-price-tb-14 sale-position-right has-border floated has-badge badge-position-right\" style=\"--awb-badge-border-size:1px;--awb-alignment:center;--awb-border-radius:0px 0px 0px 0px;--awb-price-font-family:inherit;--awb-price-font-style:normal;--awb-price-font-weight:400;--awb-sale-font-family:inherit;--awb-sale-font-style:normal;--awb-sale-font-weight:400;--awb-stock-font-family:inherit;--awb-stock-font-style:normal;--awb-stock-font-weight:400;--awb-badge-font-family:inherit;--awb-badge-font-style:normal;--awb-badge-font-weight:400;\"><p class=\"price\"><span class=\"woocommerce-Price-amount amount\"><bdi>7,65<span class=\"woocommerce-Price-currencySymbol\">&euro;<\/span><\/bdi><\/span> <small class=\"woocommerce-price-suffix\">IVA included<\/small><\/p>\n<\/div><\/div><\/li>\n<li class=\"fusion-layout-column fusion_builder_column fusion-builder-column-16 fusion-flex-column post-card fusion-grid-column fusion-post-cards-grid-column product-grid-view product type-product\" style=\"--awb-padding-bottom:15px;--awb-bg-blend:overlay;--awb-bg-size:cover;--awb-box-shadow:0px 3px 7px 2px var(--awb-color4);;--awb-flex-grow:0;--awb-flex-shrink:0;--awb-flex-grow-medium:0;--awb-flex-shrink-medium:0;--awb-flex-grow-small:0;--awb-flex-shrink-small:0;\"><div class=\"fusion-column-wrapper fusion-column-has-shadow fusion-flex-justify-content-flex-start fusion-content-layout-column\"><div class=\"fusion-clean-product-image-wrapper fusion-woo-product-image fusion-post-card-image fusion-post-card-image-1 product-images images\" data-layout=\"crossfade\"><a href=\"https:\/\/www.salineraespanola.com\/en\/producto\/pack-6-units-gift-set-salinas-de-ibiza\/\" title=\"Pack 6 units Gift Set Salinas de Ibiza\"><div class=\"featured-image woocommerce-product-gallery__image crossfade-images\">\n\t<img decoding=\"async\" width=\"500\" height=\"500\" src=\"https:\/\/www.salineraespanola.com\/wp-content\/uploads\/2023\/11\/Salinera-Espanola-Gift-Set-6-unidades-Salinas-de-Ibiza_6-500x500.jpg\" class=\"hover-image lazyload\" alt=\"\" srcset=\"data:image\/svg+xml,%3Csvg%20xmlns%3D%27http%3A%2F%2Fwww.w3.org%2F2000%2Fsvg%27%20width%3D%271400%27%20height%3D%271400%27%20viewBox%3D%270%200%201400%201400%27%3E%3Crect%20width%3D%271400%27%20height%3D%271400%27%20fill-opacity%3D%220%22%2F%3E%3C%2Fsvg%3E\" data-orig-src=\"https:\/\/www.salineraespanola.com\/wp-content\/uploads\/2023\/11\/Salinera-Espanola-Gift-Set-6-unidades-Salinas-de-Ibiza_6-500x500.jpg\" data-srcset=\"https:\/\/www.salineraespanola.com\/wp-content\/uploads\/2023\/11\/Salinera-Espanola-Gift-Set-6-unidades-Salinas-de-Ibiza_6-200x200.jpg 200w, https:\/\/www.salineraespanola.com\/wp-content\/uploads\/2023\/11\/Salinera-Espanola-Gift-Set-6-unidades-Salinas-de-Ibiza_6-400x400.jpg 400w, https:\/\/www.salineraespanola.com\/wp-content\/uploads\/2023\/11\/Salinera-Espanola-Gift-Set-6-unidades-Salinas-de-Ibiza_6-600x600.jpg 600w, https:\/\/www.salineraespanola.com\/wp-content\/uploads\/2023\/11\/Salinera-Espanola-Gift-Set-6-unidades-Salinas-de-Ibiza_6-800x800.jpg 800w, https:\/\/www.salineraespanola.com\/wp-content\/uploads\/2023\/11\/Salinera-Espanola-Gift-Set-6-unidades-Salinas-de-Ibiza_6-1200x1200.jpg 1200w, https:\/\/www.salineraespanola.com\/wp-content\/uploads\/2023\/11\/Salinera-Espanola-Gift-Set-6-unidades-Salinas-de-Ibiza_6.jpg 1400w\" data-sizes=\"auto\" data-caption=\"\" data-src=\"https:\/\/www.salineraespanola.com\/wp-content\/uploads\/2023\/11\/Salinera-Espanola-Gift-Set-6-unidades-Salinas-de-Ibiza_6.jpg\" data-large_image=\"https:\/\/www.salineraespanola.com\/wp-content\/uploads\/2023\/11\/Salinera-Espanola-Gift-Set-6-unidades-Salinas-de-Ibiza_6.jpg\" data-large_image_width=\"1400\" data-large_image_height=\"1400\" \/>\t<img decoding=\"async\" width=\"500\" height=\"500\" src=\"https:\/\/www.salineraespanola.com\/wp-content\/uploads\/2023\/11\/Salinera-Espanola-Gift-Set-6-unidades-Salinas-de-Ibiza_1-500x500.jpg\" class=\"attachment-woocommerce_thumbnail size-woocommerce_thumbnail lazyload wp-post-image\" alt=\"\" srcset=\"data:image\/svg+xml,%3Csvg%20xmlns%3D%27http%3A%2F%2Fwww.w3.org%2F2000%2Fsvg%27%20width%3D%271400%27%20height%3D%271400%27%20viewBox%3D%270%200%201400%201400%27%3E%3Crect%20width%3D%271400%27%20height%3D%271400%27%20fill-opacity%3D%220%22%2F%3E%3C%2Fsvg%3E\" data-orig-src=\"https:\/\/www.salineraespanola.com\/wp-content\/uploads\/2023\/11\/Salinera-Espanola-Gift-Set-6-unidades-Salinas-de-Ibiza_1-500x500.jpg\" data-srcset=\"https:\/\/www.salineraespanola.com\/wp-content\/uploads\/2023\/11\/Salinera-Espanola-Gift-Set-6-unidades-Salinas-de-Ibiza_1-200x200.jpg 200w, https:\/\/www.salineraespanola.com\/wp-content\/uploads\/2023\/11\/Salinera-Espanola-Gift-Set-6-unidades-Salinas-de-Ibiza_1-400x400.jpg 400w, https:\/\/www.salineraespanola.com\/wp-content\/uploads\/2023\/11\/Salinera-Espanola-Gift-Set-6-unidades-Salinas-de-Ibiza_1-600x600.jpg 600w, https:\/\/www.salineraespanola.com\/wp-content\/uploads\/2023\/11\/Salinera-Espanola-Gift-Set-6-unidades-Salinas-de-Ibiza_1-800x800.jpg 800w, https:\/\/www.salineraespanola.com\/wp-content\/uploads\/2023\/11\/Salinera-Espanola-Gift-Set-6-unidades-Salinas-de-Ibiza_1-1200x1200.jpg 1200w, https:\/\/www.salineraespanola.com\/wp-content\/uploads\/2023\/11\/Salinera-Espanola-Gift-Set-6-unidades-Salinas-de-Ibiza_1.jpg 1400w\" data-sizes=\"auto\" data-caption=\"\" data-src=\"https:\/\/www.salineraespanola.com\/wp-content\/uploads\/2023\/11\/Salinera-Espanola-Gift-Set-6-unidades-Salinas-de-Ibiza_1.jpg\" data-large_image=\"https:\/\/www.salineraespanola.com\/wp-content\/uploads\/2023\/11\/Salinera-Espanola-Gift-Set-6-unidades-Salinas-de-Ibiza_1.jpg\" data-large_image_width=\"1400\" data-large_image_height=\"1400\" \/>\n\t\t\t\t\t\t<div class=\"cart-loading\"><i class=\"awb-icon-spinner\" aria-hidden=\"true\"><\/i><\/div>\n\t\t\t<\/div>\n<\/a><\/div><div class=\"fusion-title title fusion-title-16 fusion-sep-none fusion-title-center fusion-title-text fusion-title-size-three\" style=\"--awb-margin-top:10px;--awb-margin-right:10px;--awb-margin-bottom:5px;--awb-margin-left:10px;--awb-margin-top-small:0px;--awb-margin-right-small:0px;--awb-margin-bottom-small:20px;--awb-margin-left-small:0px;--awb-font-size:22px;\"><h3 class=\"fusion-title-heading title-heading-center fusion-responsive-typography-calculated\" style=\"margin:0;font-size:1em;--fontSize:22;--minFontSize:22;line-height:1.4;\"><a href=\"https:\/\/www.salineraespanola.com\/en\/producto\/pack-6-units-gift-set-salinas-de-ibiza\/\" class=\"awb-custom-text-color awb-custom-text-hover-color\" target=\"_self\">Pack 6 units Gift Set Salinas de Ibiza<\/a><\/h3><\/div><div class=\"fusion-woo-price-tb fusion-woo-price-tb-15 sale-position-right has-border floated has-badge badge-position-right\" style=\"--awb-badge-border-size:1px;--awb-alignment:center;--awb-border-radius:0px 0px 0px 0px;--awb-price-font-family:inherit;--awb-price-font-style:normal;--awb-price-font-weight:400;--awb-sale-font-family:inherit;--awb-sale-font-style:normal;--awb-sale-font-weight:400;--awb-stock-font-family:inherit;--awb-stock-font-style:normal;--awb-stock-font-weight:400;--awb-badge-font-family:inherit;--awb-badge-font-style:normal;--awb-badge-font-weight:400;\"><p class=\"price\"><span class=\"woocommerce-Price-amount amount\"><bdi>38,50<span class=\"woocommerce-Price-currencySymbol\">&euro;<\/span><\/bdi><\/span> <small class=\"woocommerce-price-suffix\">IVA included<\/small><\/p>\n<\/div><\/div><\/li>\n<\/ul><\/div><\/div><\/div><\/div><\/div><\/p>\n","protected":false},"excerpt":{"rendered":"","protected":false},"author":25,"featured_media":4056,"parent":0,"menu_order":0,"comment_status":"closed","ping_status":"closed","template":"","meta":{"footnotes":""},"class_list":["post-1805","page","type-page","status-publish","has-post-thumbnail","hentry"],"yoast_head":"<!-- This site is optimized with the Yoast SEO plugin v27.5 - https:\/\/yoast.com\/product\/yoast-seo-wordpress\/ -->\n<title>Pages archivo - Salinera Espa\u00f1ola<\/title>\n<meta name=\"robots\" content=\"index, follow, max-snippet:-1, max-image-preview:large, max-video-preview:-1\" \/>\n<link rel=\"canonical\" href=\"https:\/\/www.salineraespanola.com\/en\/shop\/\" \/>\n<meta property=\"og:locale\" content=\"en_US\" \/>\n<meta property=\"og:type\" content=\"article\" \/>\n<meta property=\"og:title\" content=\"Pages archivo - Salinera Espa\u00f1ola\" \/>\n<meta property=\"og:url\" content=\"https:\/\/www.salineraespanola.com\/en\/shop\/\" \/>\n<meta property=\"og:site_name\" content=\"Salinera Espa\u00f1ola\" \/>\n<meta property=\"article:publisher\" content=\"https:\/\/www.facebook.com\/SalineraEspanola\" \/>\n<meta property=\"article:modified_time\" content=\"2025-01-15T11:39:32+00:00\" \/>\n<meta property=\"og:image\" content=\"https:\/\/www.salineraespanola.com\/wp-content\/uploads\/2018\/01\/Salinera-Espanla-Poductos-tienda-online.jpg\" \/>\n\t<meta property=\"og:image:width\" content=\"1100\" \/>\n\t<meta property=\"og:image:height\" content=\"471\" \/>\n\t<meta property=\"og:image:type\" content=\"image\/jpeg\" \/>\n<meta name=\"twitter:card\" content=\"summary_large_image\" \/>\n<meta name=\"twitter:label1\" content=\"Est. reading time\" \/>\n\t<meta name=\"twitter:data1\" content=\"8 minutes\" \/>\n<script type=\"application\/ld+json\" class=\"yoast-schema-graph\">{\"@context\":\"https:\\\/\\\/schema.org\",\"@graph\":[{\"@type\":\"WebPage\",\"@id\":\"https:\\\/\\\/www.salineraespanola.com\\\/en\\\/shop\\\/\",\"url\":\"https:\\\/\\\/www.salineraespanola.com\\\/en\\\/shop\\\/\",\"name\":\"Pages archivo - Salinera Espa\u00f1ola\",\"isPartOf\":{\"@id\":\"https:\\\/\\\/www.salineraespanola.com\\\/en\\\/#website\"},\"primaryImageOfPage\":{\"@id\":\"https:\\\/\\\/www.salineraespanola.com\\\/en\\\/shop\\\/#primaryimage\"},\"image\":{\"@id\":\"https:\\\/\\\/www.salineraespanola.com\\\/en\\\/shop\\\/#primaryimage\"},\"thumbnailUrl\":\"https:\\\/\\\/www.salineraespanola.com\\\/wp-content\\\/uploads\\\/2018\\\/01\\\/Salinera-Espanla-Poductos-tienda-online.jpg\",\"datePublished\":\"2017-03-31T12:20:01+00:00\",\"dateModified\":\"2025-01-15T11:39:32+00:00\",\"breadcrumb\":{\"@id\":\"https:\\\/\\\/www.salineraespanola.com\\\/en\\\/shop\\\/#breadcrumb\"},\"inLanguage\":\"en-US\",\"potentialAction\":[{\"@type\":\"ReadAction\",\"target\":[\"https:\\\/\\\/www.salineraespanola.com\\\/en\\\/shop\\\/\"]}]},{\"@type\":\"ImageObject\",\"inLanguage\":\"en-US\",\"@id\":\"https:\\\/\\\/www.salineraespanola.com\\\/en\\\/shop\\\/#primaryimage\",\"url\":\"https:\\\/\\\/www.salineraespanola.com\\\/wp-content\\\/uploads\\\/2018\\\/01\\\/Salinera-Espanla-Poductos-tienda-online.jpg\",\"contentUrl\":\"https:\\\/\\\/www.salineraespanola.com\\\/wp-content\\\/uploads\\\/2018\\\/01\\\/Salinera-Espanla-Poductos-tienda-online.jpg\",\"width\":1100,\"height\":471},{\"@type\":\"BreadcrumbList\",\"@id\":\"https:\\\/\\\/www.salineraespanola.com\\\/en\\\/shop\\\/#breadcrumb\",\"itemListElement\":[{\"@type\":\"ListItem\",\"position\":1,\"name\":\"Portada\",\"item\":\"https:\\\/\\\/www.salineraespanola.com\\\/en\\\/\"},{\"@type\":\"ListItem\",\"position\":2,\"name\":\"Shop\"}]},{\"@type\":\"WebSite\",\"@id\":\"https:\\\/\\\/www.salineraespanola.com\\\/en\\\/#website\",\"url\":\"https:\\\/\\\/www.salineraespanola.com\\\/en\\\/\",\"name\":\"Salinera Espa\u00f1ola\",\"description\":\"Elaboraci\u00f3n y manipulaci\u00f3n de sal de alta calidad\",\"publisher\":{\"@id\":\"https:\\\/\\\/www.salineraespanola.com\\\/en\\\/#organization\"},\"alternateName\":\"Salinera Esp.\",\"potentialAction\":[{\"@type\":\"SearchAction\",\"target\":{\"@type\":\"EntryPoint\",\"urlTemplate\":\"https:\\\/\\\/www.salineraespanola.com\\\/en\\\/?s={search_term_string}\"},\"query-input\":{\"@type\":\"PropertyValueSpecification\",\"valueRequired\":true,\"valueName\":\"search_term_string\"}}],\"inLanguage\":\"en-US\"},{\"@type\":\"Organization\",\"@id\":\"https:\\\/\\\/www.salineraespanola.com\\\/en\\\/#organization\",\"name\":\"Salinera Espa\u00f1ola\",\"alternateName\":\"Salinera Esp.\",\"url\":\"https:\\\/\\\/www.salineraespanola.com\\\/en\\\/\",\"logo\":{\"@type\":\"ImageObject\",\"inLanguage\":\"en-US\",\"@id\":\"https:\\\/\\\/www.salineraespanola.com\\\/en\\\/#\\\/schema\\\/logo\\\/image\\\/\",\"url\":\"https:\\\/\\\/www.salineraespanola.com\\\/wp-content\\\/uploads\\\/2013\\\/05\\\/Salinera-logo-200.png\",\"contentUrl\":\"https:\\\/\\\/www.salineraespanola.com\\\/wp-content\\\/uploads\\\/2013\\\/05\\\/Salinera-logo-200.png\",\"width\":200,\"height\":85,\"caption\":\"Salinera Espa\u00f1ola\"},\"image\":{\"@id\":\"https:\\\/\\\/www.salineraespanola.com\\\/en\\\/#\\\/schema\\\/logo\\\/image\\\/\"},\"sameAs\":[\"https:\\\/\\\/www.facebook.com\\\/SalineraEspanola\",\"https:\\\/\\\/www.instagram.com\\\/salineraespanola\\\/\"]}]}<\/script>\n<!-- \/ Yoast SEO plugin. -->","yoast_head_json":{"title":"Pages archivo - Salinera Espa\u00f1ola","robots":{"index":"index","follow":"follow","max-snippet":"max-snippet:-1","max-image-preview":"max-image-preview:large","max-video-preview":"max-video-preview:-1"},"canonical":"https:\/\/www.salineraespanola.com\/en\/shop\/","og_locale":"en_US","og_type":"article","og_title":"Pages archivo - Salinera Espa\u00f1ola","og_url":"https:\/\/www.salineraespanola.com\/en\/shop\/","og_site_name":"Salinera Espa\u00f1ola","article_publisher":"https:\/\/www.facebook.com\/SalineraEspanola","article_modified_time":"2025-01-15T11:39:32+00:00","og_image":[{"width":1100,"height":471,"url":"https:\/\/www.salineraespanola.com\/wp-content\/uploads\/2018\/01\/Salinera-Espanla-Poductos-tienda-online.jpg","type":"image\/jpeg"}],"twitter_card":"summary_large_image","twitter_misc":{"Est. reading time":"8 minutes"},"schema":{"@context":"https:\/\/schema.org","@graph":[{"@type":"WebPage","@id":"https:\/\/www.salineraespanola.com\/en\/shop\/","url":"https:\/\/www.salineraespanola.com\/en\/shop\/","name":"Pages archivo - Salinera Espa\u00f1ola","isPartOf":{"@id":"https:\/\/www.salineraespanola.com\/en\/#website"},"primaryImageOfPage":{"@id":"https:\/\/www.salineraespanola.com\/en\/shop\/#primaryimage"},"image":{"@id":"https:\/\/www.salineraespanola.com\/en\/shop\/#primaryimage"},"thumbnailUrl":"https:\/\/www.salineraespanola.com\/wp-content\/uploads\/2018\/01\/Salinera-Espanla-Poductos-tienda-online.jpg","datePublished":"2017-03-31T12:20:01+00:00","dateModified":"2025-01-15T11:39:32+00:00","breadcrumb":{"@id":"https:\/\/www.salineraespanola.com\/en\/shop\/#breadcrumb"},"inLanguage":"en-US","potentialAction":[{"@type":"ReadAction","target":["https:\/\/www.salineraespanola.com\/en\/shop\/"]}]},{"@type":"ImageObject","inLanguage":"en-US","@id":"https:\/\/www.salineraespanola.com\/en\/shop\/#primaryimage","url":"https:\/\/www.salineraespanola.com\/wp-content\/uploads\/2018\/01\/Salinera-Espanla-Poductos-tienda-online.jpg","contentUrl":"https:\/\/www.salineraespanola.com\/wp-content\/uploads\/2018\/01\/Salinera-Espanla-Poductos-tienda-online.jpg","width":1100,"height":471},{"@type":"BreadcrumbList","@id":"https:\/\/www.salineraespanola.com\/en\/shop\/#breadcrumb","itemListElement":[{"@type":"ListItem","position":1,"name":"Portada","item":"https:\/\/www.salineraespanola.com\/en\/"},{"@type":"ListItem","position":2,"name":"Shop"}]},{"@type":"WebSite","@id":"https:\/\/www.salineraespanola.com\/en\/#website","url":"https:\/\/www.salineraespanola.com\/en\/","name":"Salinera Espa\u00f1ola","description":"Elaboraci\u00f3n y manipulaci\u00f3n de sal de alta calidad","publisher":{"@id":"https:\/\/www.salineraespanola.com\/en\/#organization"},"alternateName":"Salinera Esp.","potentialAction":[{"@type":"SearchAction","target":{"@type":"EntryPoint","urlTemplate":"https:\/\/www.salineraespanola.com\/en\/?s={search_term_string}"},"query-input":{"@type":"PropertyValueSpecification","valueRequired":true,"valueName":"search_term_string"}}],"inLanguage":"en-US"},{"@type":"Organization","@id":"https:\/\/www.salineraespanola.com\/en\/#organization","name":"Salinera Espa\u00f1ola","alternateName":"Salinera Esp.","url":"https:\/\/www.salineraespanola.com\/en\/","logo":{"@type":"ImageObject","inLanguage":"en-US","@id":"https:\/\/www.salineraespanola.com\/en\/#\/schema\/logo\/image\/","url":"https:\/\/www.salineraespanola.com\/wp-content\/uploads\/2013\/05\/Salinera-logo-200.png","contentUrl":"https:\/\/www.salineraespanola.com\/wp-content\/uploads\/2013\/05\/Salinera-logo-200.png","width":200,"height":85,"caption":"Salinera Espa\u00f1ola"},"image":{"@id":"https:\/\/www.salineraespanola.com\/en\/#\/schema\/logo\/image\/"},"sameAs":["https:\/\/www.facebook.com\/SalineraEspanola","https:\/\/www.instagram.com\/salineraespanola\/"]}]}},"_links":{"self":[{"href":"https:\/\/www.salineraespanola.com\/en\/wp-json\/wp\/v2\/pages\/1805","targetHints":{"allow":["GET"]}}],"collection":[{"href":"https:\/\/www.salineraespanola.com\/en\/wp-json\/wp\/v2\/pages"}],"about":[{"href":"https:\/\/www.salineraespanola.com\/en\/wp-json\/wp\/v2\/types\/page"}],"author":[{"embeddable":true,"href":"https:\/\/www.salineraespanola.com\/en\/wp-json\/wp\/v2\/users\/25"}],"replies":[{"embeddable":true,"href":"https:\/\/www.salineraespanola.com\/en\/wp-json\/wp\/v2\/comments?post=1805"}],"version-history":[{"count":17,"href":"https:\/\/www.salineraespanola.com\/en\/wp-json\/wp\/v2\/pages\/1805\/revisions"}],"predecessor-version":[{"id":83616,"href":"https:\/\/www.salineraespanola.com\/en\/wp-json\/wp\/v2\/pages\/1805\/revisions\/83616"}],"wp:featuredmedia":[{"embeddable":true,"href":"https:\/\/www.salineraespanola.com\/en\/wp-json\/wp\/v2\/media\/4056"}],"wp:attachment":[{"href":"https:\/\/www.salineraespanola.com\/en\/wp-json\/wp\/v2\/media?parent=1805"}],"curies":[{"name":"wp","href":"https:\/\/api.w.org\/{rel}","templated":true}]}}