{"id":3545,"date":"2017-10-25T17:51:05","date_gmt":"2017-10-25T15:51:05","guid":{"rendered":"https:\/\/www.salineraespanola.com\/the-company-dupl\/"},"modified":"2019-04-08T11:50:44","modified_gmt":"2019-04-08T09:50:44","slug":"ses-salines-nature-reserve-ibiza-and-formentera","status":"publish","type":"page","link":"https:\/\/www.salineraespanola.com\/en\/ses-salines-nature-reserve-ibiza-and-formentera\/","title":{"rendered":"Ses Salines Nature Reserve Ibiza and Formentera"},"content":{"rendered":"<p><div class=\"fusion-fullwidth fullwidth-box fusion-builder-row-1 fusion-flex-container fusion-parallax-none nonhundred-percent-fullwidth non-hundred-percent-height-scrolling lazyload\" style=\"--awb-border-radius-top-left:0px;--awb-border-radius-top-right:0px;--awb-border-radius-bottom-right:0px;--awb-border-radius-bottom-left:0px;--awb-padding-top:150px;--awb-padding-right:50px;--awb-padding-bottom:140px;--awb-padding-left:50px;--awb-background-size:cover;--awb-border-sizes-top:0px;--awb-border-sizes-bottom:0px;--awb-flex-wrap:wrap;\" data-bg=\"https:\/\/www.salineraespanola.com\/wp-content\/uploads\/2017\/10\/Salinera-Espanola-Salinas-Eivissa-i-Formentera-1.jpg\" ><div class=\"fusion-builder-row fusion-row fusion-flex-align-items-flex-start fusion-flex-content-wrap\" style=\"max-width:calc( 1200px + 0px );margin-left: calc(-0px \/ 2 );margin-right: calc(-0px \/ 2 );\"><div class=\"fusion-layout-column fusion_builder_column fusion-builder-column-0 fusion_builder_column_1_1 1_1 fusion-flex-column fusion-flex-align-self-flex-start fusion-column-no-min-height\" style=\"--awb-bg-size:cover;--awb-width-large:100%;--awb-margin-top-large:0px;--awb-spacing-right-large:0px;--awb-margin-bottom-large:0px;--awb-spacing-left-large:0px;--awb-width-medium:100%;--awb-spacing-right-medium:0px;--awb-spacing-left-medium:0px;--awb-width-small:100%;--awb-spacing-right-small:0px;--awb-spacing-left-small:0px;\"><div class=\"fusion-column-wrapper fusion-flex-justify-content-flex-start fusion-content-layout-column\"><div class=\"fusion-text fusion-text-1\"><h1 style=\"text-align: center;\"><span style=\"color: #ffffff; text-shadow: 0px 4px 8px #000000;\">Ses Salines Nature Reserve Ibiza and Formentera<\/span><\/h1>\n<\/div><div class=\"fusion-separator fusion-full-width-sep\" style=\"align-self: center;margin-left: auto;margin-right: auto;margin-top:7px;width:100%;\"><\/div><\/div><\/div><div class=\"fusion-layout-column fusion_builder_column fusion-builder-column-1 fusion_builder_column_1_1 1_1 fusion-flex-column fusion-flex-align-self-flex-start fusion-column-no-min-height\" style=\"--awb-bg-size:cover;--awb-width-large:100%;--awb-margin-top-large:0px;--awb-spacing-right-large:0px;--awb-margin-bottom-large:0px;--awb-spacing-left-large:0px;--awb-width-medium:100%;--awb-spacing-right-medium:0px;--awb-spacing-left-medium:0px;--awb-width-small:100%;--awb-spacing-right-small:0px;--awb-spacing-left-small:0px;\"><div class=\"fusion-column-wrapper fusion-flex-justify-content-flex-start fusion-content-layout-column\"><div class=\"fusion-text fusion-text-2\"><p style=\"font-size: 18px; text-align: center; line-height: 30px;\"><strong><span style=\"color: #ffffff; text-shadow: 0px 2px 8px #000000;\">The marine and land reserves of the Ses Salines Nature Reserve lie between Ibiza and Formentera, with more than 2,752 hectares on land and 14,028 hectares at sea.<\/span><\/strong><\/p>\n<\/div><\/div><\/div><\/div><\/div><div class=\"fusion-fullwidth fullwidth-box fusion-builder-row-2 fusion-flex-container nonhundred-percent-fullwidth non-hundred-percent-height-scrolling\" style=\"--awb-border-radius-top-left:0px;--awb-border-radius-top-right:0px;--awb-border-radius-bottom-right:0px;--awb-border-radius-bottom-left:0px;--awb-margin-top:50px;--awb-flex-wrap:wrap;\" ><div class=\"fusion-builder-row fusion-row fusion-flex-align-items-flex-start fusion-flex-content-wrap\" style=\"max-width:1248px;margin-left: calc(-4% \/ 2 );margin-right: calc(-4% \/ 2 );\"><div class=\"fusion-layout-column fusion_builder_column fusion-builder-column-2 fusion_builder_column_1_2 1_2 fusion-flex-column\" style=\"--awb-bg-size:cover;--awb-width-large:50%;--awb-margin-top-large:0px;--awb-spacing-right-large:3.84%;--awb-margin-bottom-large:0px;--awb-spacing-left-large:3.84%;--awb-width-medium:100%;--awb-spacing-right-medium:1.92%;--awb-spacing-left-medium:1.92%;--awb-width-small:100%;--awb-spacing-right-small:1.92%;--awb-spacing-left-small:1.92%;\"><div class=\"fusion-column-wrapper fusion-flex-justify-content-flex-start fusion-content-layout-column\"><div class=\"fusion-text fusion-text-3\"><div class=\"half dt_col\">\n<p>The waters that bathe this nature reserve are so pure and crystalline that diving here is a true pleasure. This is thanks to the enormous <i>Posidonia oceanica<\/i> meadows that cover the sea bed, of great ecological value and declared a World Heritage site by UNESCO. This plant is exclusive to our sea, and cleans and oxygenates the waters and also maintains the natural dynamic of the dune system.<\/p>\n<p>It is accessible from both islands: in Ibiza there are the ancient salt pans and beautiful beaches such as those of Ses Salines, Es Cavallet and Es Codolar. On the Formentera side there are jewels such as S\u2019Estany Pudent, S\u2019Estany des Peix, Ses Salines and spectacular beaches such as Punta Prima and S\u2019Espalmador.<\/p>\n<p>Ses Salines is also a paradise for birdwatchers, as there are around 210 bird species that rest and nest here whilst migrating: flamingos, black-necked grebes, black-winged stilts, and many more.<\/p>\n<\/div>\n<\/div><div class=\"fusion-image-element \" style=\"text-align:center;--awb-caption-title-font-family:var(--h2_typography-font-family);--awb-caption-title-font-weight:var(--h2_typography-font-weight);--awb-caption-title-font-style:var(--h2_typography-font-style);--awb-caption-title-size:var(--h2_typography-font-size);--awb-caption-title-transform:var(--h2_typography-text-transform);--awb-caption-title-line-height:var(--h2_typography-line-height);--awb-caption-title-letter-spacing:var(--h2_typography-letter-spacing);\"><span class=\" fusion-imageframe imageframe-none imageframe-1 hover-type-none\"><img decoding=\"async\" width=\"401\" height=\"401\" alt=\"Salines Eivissa logo blanco con sombra\" title=\"Salinera Espanola home_ParcNatural Salines Eivissa blanc\" src=\"https:\/\/www.salineraespanola.com\/wp-content\/uploads\/2017\/11\/Salinera-Espanola-home_ParcNatural-Salines-Eivissa-blanc.png\" data-orig-src=\"https:\/\/www.salineraespanola.com\/wp-content\/uploads\/2017\/11\/Salinera-Espanola-home_ParcNatural-Salines-Eivissa-blanc.png\" class=\"lazyload img-responsive wp-image-3683\" srcset=\"data:image\/svg+xml,%3Csvg%20xmlns%3D%27http%3A%2F%2Fwww.w3.org%2F2000%2Fsvg%27%20width%3D%27401%27%20height%3D%27401%27%20viewBox%3D%270%200%20401%20401%27%3E%3Crect%20width%3D%27401%27%20height%3D%27401%27%20fill-opacity%3D%220%22%2F%3E%3C%2Fsvg%3E\" data-srcset=\"https:\/\/www.salineraespanola.com\/wp-content\/uploads\/2017\/11\/Salinera-Espanola-home_ParcNatural-Salines-Eivissa-blanc-200x200.png 200w, https:\/\/www.salineraespanola.com\/wp-content\/uploads\/2017\/11\/Salinera-Espanola-home_ParcNatural-Salines-Eivissa-blanc-400x400.png 400w, https:\/\/www.salineraespanola.com\/wp-content\/uploads\/2017\/11\/Salinera-Espanola-home_ParcNatural-Salines-Eivissa-blanc.png 401w\" data-sizes=\"auto\" data-orig-sizes=\"(max-width: 1024px) 100vw, (max-width: 640px) 100vw, 401px\" \/><\/span><\/div><\/div><\/div><div class=\"fusion-layout-column fusion_builder_column fusion-builder-column-3 fusion_builder_column_1_2 1_2 fusion-flex-column\" style=\"--awb-bg-size:cover;--awb-width-large:50%;--awb-margin-top-large:0px;--awb-spacing-right-large:3.84%;--awb-margin-bottom-large:40px;--awb-spacing-left-large:3.84%;--awb-width-medium:100%;--awb-spacing-right-medium:1.92%;--awb-spacing-left-medium:1.92%;--awb-width-small:100%;--awb-spacing-right-small:1.92%;--awb-spacing-left-small:1.92%;\"><div class=\"fusion-column-wrapper fusion-flex-justify-content-flex-start fusion-content-layout-column\"><div class=\"fusion-image-element \" style=\"--awb-caption-title-font-family:var(--h2_typography-font-family);--awb-caption-title-font-weight:var(--h2_typography-font-weight);--awb-caption-title-font-style:var(--h2_typography-font-style);--awb-caption-title-size:var(--h2_typography-font-size);--awb-caption-title-transform:var(--h2_typography-text-transform);--awb-caption-title-line-height:var(--h2_typography-line-height);--awb-caption-title-letter-spacing:var(--h2_typography-letter-spacing);\"><span class=\" fusion-imageframe imageframe-none imageframe-2 hover-type-none\" style=\"border-radius:4px;\"><a href=\"https:\/\/www.salineraespanola.com\/wp-content\/uploads\/2017\/10\/Parc-natural-de-ses-Salines-Eivissa-i-Formentera-plano.jpg\" class=\"fusion-lightbox\" data-rel=\"iLightbox[Parc-natural-Salines-Eivissa-Formentera-gallery]\" data-title=\"Parc-natural-de-ses-Salines-Eivissa-i-Formentera-plano\" title=\"Parc-natural-de-ses-Salines-Eivissa-i-Formentera-plano\"><img decoding=\"async\" width=\"1000\" height=\"1000\" src=\"https:\/\/www.salineraespanola.com\/wp-content\/uploads\/2017\/10\/Parc-natural-de-ses-Salines-Eivissa-i-Formentera-plano.jpg\" data-orig-src=\"https:\/\/www.salineraespanola.com\/wp-content\/uploads\/2017\/10\/Parc-natural-de-ses-Salines-Eivissa-i-Formentera-plano.jpg\" alt class=\"lazyload img-responsive wp-image-3566\" srcset=\"data:image\/svg+xml,%3Csvg%20xmlns%3D%27http%3A%2F%2Fwww.w3.org%2F2000%2Fsvg%27%20width%3D%271000%27%20height%3D%271000%27%20viewBox%3D%270%200%201000%201000%27%3E%3Crect%20width%3D%271000%27%20height%3D%271000%27%20fill-opacity%3D%220%22%2F%3E%3C%2Fsvg%3E\" data-srcset=\"https:\/\/www.salineraespanola.com\/wp-content\/uploads\/2017\/10\/Parc-natural-de-ses-Salines-Eivissa-i-Formentera-plano-200x200.jpg 200w, https:\/\/www.salineraespanola.com\/wp-content\/uploads\/2017\/10\/Parc-natural-de-ses-Salines-Eivissa-i-Formentera-plano-400x400.jpg 400w, https:\/\/www.salineraespanola.com\/wp-content\/uploads\/2017\/10\/Parc-natural-de-ses-Salines-Eivissa-i-Formentera-plano-600x600.jpg 600w, https:\/\/www.salineraespanola.com\/wp-content\/uploads\/2017\/10\/Parc-natural-de-ses-Salines-Eivissa-i-Formentera-plano-800x800.jpg 800w, https:\/\/www.salineraespanola.com\/wp-content\/uploads\/2017\/10\/Parc-natural-de-ses-Salines-Eivissa-i-Formentera-plano.jpg 1000w\" data-sizes=\"auto\" data-orig-sizes=\"(max-width: 1024px) 100vw, (max-width: 640px) 100vw, 600px\" \/><\/a><\/span><\/div><div class=\"fusion-separator fusion-full-width-sep\" style=\"align-self: center;margin-left: auto;margin-right: auto;margin-top:10px;margin-bottom:10px;width:100%;\"><\/div><div class=\"fusion-image-element \" style=\"--awb-caption-title-font-family:var(--h2_typography-font-family);--awb-caption-title-font-weight:var(--h2_typography-font-weight);--awb-caption-title-font-style:var(--h2_typography-font-style);--awb-caption-title-size:var(--h2_typography-font-size);--awb-caption-title-transform:var(--h2_typography-text-transform);--awb-caption-title-line-height:var(--h2_typography-line-height);--awb-caption-title-letter-spacing:var(--h2_typography-letter-spacing);\"><span class=\" fusion-imageframe imageframe-none imageframe-3 hover-type-none\" style=\"border-radius:4px;\"><a href=\"https:\/\/www.salineraespanola.com\/wp-content\/uploads\/2017\/10\/Salinera-Espanola-Salinas-Eivissa-i-Formentera-8.jpg\" class=\"fusion-lightbox\" data-rel=\"iLightbox[Parc-natural-Salines-Eivissa-Formentera-gallery]\" data-title=\"Salinera-Espanola-Salinas-Eivissa-i-Formentera-8\" title=\"Salinera-Espanola-Salinas-Eivissa-i-Formentera-8\"><img decoding=\"async\" width=\"960\" height=\"638\" src=\"https:\/\/www.salineraespanola.com\/wp-content\/uploads\/2017\/10\/Salinera-Espanola-Salinas-Eivissa-i-Formentera-8.jpg\" data-orig-src=\"https:\/\/www.salineraespanola.com\/wp-content\/uploads\/2017\/10\/Salinera-Espanola-Salinas-Eivissa-i-Formentera-8.jpg\" alt class=\"lazyload img-responsive wp-image-3564\" srcset=\"data:image\/svg+xml,%3Csvg%20xmlns%3D%27http%3A%2F%2Fwww.w3.org%2F2000%2Fsvg%27%20width%3D%27960%27%20height%3D%27638%27%20viewBox%3D%270%200%20960%20638%27%3E%3Crect%20width%3D%27960%27%20height%3D%27638%27%20fill-opacity%3D%220%22%2F%3E%3C%2Fsvg%3E\" data-srcset=\"https:\/\/www.salineraespanola.com\/wp-content\/uploads\/2017\/10\/Salinera-Espanola-Salinas-Eivissa-i-Formentera-8-200x133.jpg 200w, https:\/\/www.salineraespanola.com\/wp-content\/uploads\/2017\/10\/Salinera-Espanola-Salinas-Eivissa-i-Formentera-8-400x266.jpg 400w, https:\/\/www.salineraespanola.com\/wp-content\/uploads\/2017\/10\/Salinera-Espanola-Salinas-Eivissa-i-Formentera-8-600x399.jpg 600w, https:\/\/www.salineraespanola.com\/wp-content\/uploads\/2017\/10\/Salinera-Espanola-Salinas-Eivissa-i-Formentera-8-800x532.jpg 800w, https:\/\/www.salineraespanola.com\/wp-content\/uploads\/2017\/10\/Salinera-Espanola-Salinas-Eivissa-i-Formentera-8.jpg 960w\" data-sizes=\"auto\" data-orig-sizes=\"(max-width: 1024px) 100vw, (max-width: 640px) 100vw, 600px\" \/><\/a><\/span><\/div><div class=\"fusion-separator fusion-full-width-sep\" style=\"align-self: center;margin-left: auto;margin-right: auto;margin-top:10px;margin-bottom:10px;width:100%;\"><\/div><div class=\"fusion-image-element \" style=\"--awb-caption-title-font-family:var(--h2_typography-font-family);--awb-caption-title-font-weight:var(--h2_typography-font-weight);--awb-caption-title-font-style:var(--h2_typography-font-style);--awb-caption-title-size:var(--h2_typography-font-size);--awb-caption-title-transform:var(--h2_typography-text-transform);--awb-caption-title-line-height:var(--h2_typography-line-height);--awb-caption-title-letter-spacing:var(--h2_typography-letter-spacing);\"><span class=\" fusion-imageframe imageframe-none imageframe-4 hover-type-none\" style=\"border-radius:4px;\"><a href=\"https:\/\/www.salineraespanola.com\/wp-content\/uploads\/2017\/10\/Salinera-Espanola-Salinas-Eivissa-i-Formentera-7.jpg\" class=\"fusion-lightbox\" data-rel=\"iLightbox[Parc-natural-Salines-Eivissa-Formentera-gallery]\" data-title=\"Salinera-Espanola-Salinas-Eivissa-i-Formentera-7\" title=\"Salinera-Espanola-Salinas-Eivissa-i-Formentera-7\"><img decoding=\"async\" width=\"960\" height=\"336\" src=\"https:\/\/www.salineraespanola.com\/wp-content\/uploads\/2017\/10\/Salinera-Espanola-Salinas-Eivissa-i-Formentera-7.jpg\" data-orig-src=\"https:\/\/www.salineraespanola.com\/wp-content\/uploads\/2017\/10\/Salinera-Espanola-Salinas-Eivissa-i-Formentera-7.jpg\" alt class=\"lazyload img-responsive wp-image-3562\" srcset=\"data:image\/svg+xml,%3Csvg%20xmlns%3D%27http%3A%2F%2Fwww.w3.org%2F2000%2Fsvg%27%20width%3D%27960%27%20height%3D%27336%27%20viewBox%3D%270%200%20960%20336%27%3E%3Crect%20width%3D%27960%27%20height%3D%27336%27%20fill-opacity%3D%220%22%2F%3E%3C%2Fsvg%3E\" data-srcset=\"https:\/\/www.salineraespanola.com\/wp-content\/uploads\/2017\/10\/Salinera-Espanola-Salinas-Eivissa-i-Formentera-7-200x70.jpg 200w, https:\/\/www.salineraespanola.com\/wp-content\/uploads\/2017\/10\/Salinera-Espanola-Salinas-Eivissa-i-Formentera-7-400x140.jpg 400w, https:\/\/www.salineraespanola.com\/wp-content\/uploads\/2017\/10\/Salinera-Espanola-Salinas-Eivissa-i-Formentera-7-600x210.jpg 600w, https:\/\/www.salineraespanola.com\/wp-content\/uploads\/2017\/10\/Salinera-Espanola-Salinas-Eivissa-i-Formentera-7-800x280.jpg 800w, https:\/\/www.salineraespanola.com\/wp-content\/uploads\/2017\/10\/Salinera-Espanola-Salinas-Eivissa-i-Formentera-7.jpg 960w\" data-sizes=\"auto\" data-orig-sizes=\"(max-width: 1024px) 100vw, (max-width: 640px) 100vw, 600px\" \/><\/a><\/span><\/div><div class=\"fusion-separator fusion-full-width-sep\" style=\"align-self: center;margin-left: auto;margin-right: auto;margin-top:10px;margin-bottom:10px;width:100%;\"><\/div><div class=\"fusion-image-element \" style=\"--awb-caption-title-font-family:var(--h2_typography-font-family);--awb-caption-title-font-weight:var(--h2_typography-font-weight);--awb-caption-title-font-style:var(--h2_typography-font-style);--awb-caption-title-size:var(--h2_typography-font-size);--awb-caption-title-transform:var(--h2_typography-text-transform);--awb-caption-title-line-height:var(--h2_typography-line-height);--awb-caption-title-letter-spacing:var(--h2_typography-letter-spacing);\"><span class=\" fusion-imageframe imageframe-none imageframe-5 hover-type-none\" style=\"border-radius:4px;\"><a href=\"https:\/\/www.salineraespanola.com\/wp-content\/uploads\/2017\/10\/Salinera-Espanola-Salinas-Eivissa-i-Formentera-6.jpg\" class=\"fusion-lightbox\" data-rel=\"iLightbox[Parc-natural-Salines-Eivissa-Formentera-gallery]\" data-title=\"Salinera-Espanola-Salinas-Eivissa-i-Formentera-6\" title=\"Salinera-Espanola-Salinas-Eivissa-i-Formentera-6\"><img decoding=\"async\" width=\"960\" height=\"540\" src=\"https:\/\/www.salineraespanola.com\/wp-content\/uploads\/2017\/10\/Salinera-Espanola-Salinas-Eivissa-i-Formentera-6.jpg\" data-orig-src=\"https:\/\/www.salineraespanola.com\/wp-content\/uploads\/2017\/10\/Salinera-Espanola-Salinas-Eivissa-i-Formentera-6.jpg\" alt class=\"lazyload img-responsive wp-image-3560\" srcset=\"data:image\/svg+xml,%3Csvg%20xmlns%3D%27http%3A%2F%2Fwww.w3.org%2F2000%2Fsvg%27%20width%3D%27960%27%20height%3D%27540%27%20viewBox%3D%270%200%20960%20540%27%3E%3Crect%20width%3D%27960%27%20height%3D%27540%27%20fill-opacity%3D%220%22%2F%3E%3C%2Fsvg%3E\" data-srcset=\"https:\/\/www.salineraespanola.com\/wp-content\/uploads\/2017\/10\/Salinera-Espanola-Salinas-Eivissa-i-Formentera-6-200x113.jpg 200w, https:\/\/www.salineraespanola.com\/wp-content\/uploads\/2017\/10\/Salinera-Espanola-Salinas-Eivissa-i-Formentera-6-400x225.jpg 400w, https:\/\/www.salineraespanola.com\/wp-content\/uploads\/2017\/10\/Salinera-Espanola-Salinas-Eivissa-i-Formentera-6-600x338.jpg 600w, https:\/\/www.salineraespanola.com\/wp-content\/uploads\/2017\/10\/Salinera-Espanola-Salinas-Eivissa-i-Formentera-6-800x450.jpg 800w, https:\/\/www.salineraespanola.com\/wp-content\/uploads\/2017\/10\/Salinera-Espanola-Salinas-Eivissa-i-Formentera-6.jpg 960w\" data-sizes=\"auto\" data-orig-sizes=\"(max-width: 1024px) 100vw, (max-width: 640px) 100vw, 600px\" \/><\/a><\/span><\/div><div class=\"fusion-separator fusion-full-width-sep\" style=\"align-self: center;margin-left: auto;margin-right: auto;margin-top:10px;margin-bottom:10px;width:100%;\"><\/div><div class=\"fusion-image-element \" style=\"--awb-caption-title-font-family:var(--h2_typography-font-family);--awb-caption-title-font-weight:var(--h2_typography-font-weight);--awb-caption-title-font-style:var(--h2_typography-font-style);--awb-caption-title-size:var(--h2_typography-font-size);--awb-caption-title-transform:var(--h2_typography-text-transform);--awb-caption-title-line-height:var(--h2_typography-line-height);--awb-caption-title-letter-spacing:var(--h2_typography-letter-spacing);\"><span class=\" fusion-imageframe imageframe-none imageframe-6 hover-type-none\" style=\"border-radius:4px;\"><a href=\"https:\/\/www.salineraespanola.com\/wp-content\/uploads\/2017\/10\/Salinera-Espanola-Salinas-Eivissa-i-Formentera-5.jpg\" class=\"fusion-lightbox\" data-rel=\"iLightbox[Parc-natural-Salines-Eivissa-Formentera-gallery]\" data-title=\"Salinera-Espanola-Salinas-Eivissa-i-Formentera-5\" title=\"Salinera-Espanola-Salinas-Eivissa-i-Formentera-5\"><img decoding=\"async\" width=\"960\" height=\"534\" src=\"https:\/\/www.salineraespanola.com\/wp-content\/uploads\/2017\/10\/Salinera-Espanola-Salinas-Eivissa-i-Formentera-5.jpg\" data-orig-src=\"https:\/\/www.salineraespanola.com\/wp-content\/uploads\/2017\/10\/Salinera-Espanola-Salinas-Eivissa-i-Formentera-5.jpg\" alt class=\"lazyload img-responsive wp-image-3558\" srcset=\"data:image\/svg+xml,%3Csvg%20xmlns%3D%27http%3A%2F%2Fwww.w3.org%2F2000%2Fsvg%27%20width%3D%27960%27%20height%3D%27534%27%20viewBox%3D%270%200%20960%20534%27%3E%3Crect%20width%3D%27960%27%20height%3D%27534%27%20fill-opacity%3D%220%22%2F%3E%3C%2Fsvg%3E\" data-srcset=\"https:\/\/www.salineraespanola.com\/wp-content\/uploads\/2017\/10\/Salinera-Espanola-Salinas-Eivissa-i-Formentera-5-200x111.jpg 200w, https:\/\/www.salineraespanola.com\/wp-content\/uploads\/2017\/10\/Salinera-Espanola-Salinas-Eivissa-i-Formentera-5-400x223.jpg 400w, https:\/\/www.salineraespanola.com\/wp-content\/uploads\/2017\/10\/Salinera-Espanola-Salinas-Eivissa-i-Formentera-5-600x334.jpg 600w, https:\/\/www.salineraespanola.com\/wp-content\/uploads\/2017\/10\/Salinera-Espanola-Salinas-Eivissa-i-Formentera-5-800x445.jpg 800w, https:\/\/www.salineraespanola.com\/wp-content\/uploads\/2017\/10\/Salinera-Espanola-Salinas-Eivissa-i-Formentera-5.jpg 960w\" data-sizes=\"auto\" data-orig-sizes=\"(max-width: 1024px) 100vw, (max-width: 640px) 100vw, 600px\" \/><\/a><\/span><\/div><div class=\"fusion-separator fusion-full-width-sep\" style=\"align-self: center;margin-left: auto;margin-right: auto;margin-top:10px;margin-bottom:10px;width:100%;\"><\/div><div class=\"fusion-image-element \" style=\"--awb-caption-title-font-family:var(--h2_typography-font-family);--awb-caption-title-font-weight:var(--h2_typography-font-weight);--awb-caption-title-font-style:var(--h2_typography-font-style);--awb-caption-title-size:var(--h2_typography-font-size);--awb-caption-title-transform:var(--h2_typography-text-transform);--awb-caption-title-line-height:var(--h2_typography-line-height);--awb-caption-title-letter-spacing:var(--h2_typography-letter-spacing);\"><span class=\" fusion-imageframe imageframe-none imageframe-7 hover-type-none\" style=\"border-radius:4px;\"><a href=\"https:\/\/www.salineraespanola.com\/wp-content\/uploads\/2017\/10\/Salinera-Espanola-Salinas-Eivissa-i-Formentera-4.jpg\" class=\"fusion-lightbox\" data-rel=\"iLightbox[Parc-natural-Salines-Eivissa-Formentera-gallery]\" data-title=\"Salinera-Espanola-Salinas-Eivissa-i-Formentera-4\" title=\"Salinera-Espanola-Salinas-Eivissa-i-Formentera-4\"><img decoding=\"async\" width=\"960\" height=\"640\" src=\"https:\/\/www.salineraespanola.com\/wp-content\/uploads\/2017\/10\/Salinera-Espanola-Salinas-Eivissa-i-Formentera-4.jpg\" data-orig-src=\"https:\/\/www.salineraespanola.com\/wp-content\/uploads\/2017\/10\/Salinera-Espanola-Salinas-Eivissa-i-Formentera-4.jpg\" alt class=\"lazyload img-responsive wp-image-3556\" srcset=\"data:image\/svg+xml,%3Csvg%20xmlns%3D%27http%3A%2F%2Fwww.w3.org%2F2000%2Fsvg%27%20width%3D%27960%27%20height%3D%27640%27%20viewBox%3D%270%200%20960%20640%27%3E%3Crect%20width%3D%27960%27%20height%3D%27640%27%20fill-opacity%3D%220%22%2F%3E%3C%2Fsvg%3E\" data-srcset=\"https:\/\/www.salineraespanola.com\/wp-content\/uploads\/2017\/10\/Salinera-Espanola-Salinas-Eivissa-i-Formentera-4-200x133.jpg 200w, https:\/\/www.salineraespanola.com\/wp-content\/uploads\/2017\/10\/Salinera-Espanola-Salinas-Eivissa-i-Formentera-4-400x267.jpg 400w, https:\/\/www.salineraespanola.com\/wp-content\/uploads\/2017\/10\/Salinera-Espanola-Salinas-Eivissa-i-Formentera-4-600x400.jpg 600w, https:\/\/www.salineraespanola.com\/wp-content\/uploads\/2017\/10\/Salinera-Espanola-Salinas-Eivissa-i-Formentera-4-800x533.jpg 800w, https:\/\/www.salineraespanola.com\/wp-content\/uploads\/2017\/10\/Salinera-Espanola-Salinas-Eivissa-i-Formentera-4.jpg 960w\" data-sizes=\"auto\" data-orig-sizes=\"(max-width: 1024px) 100vw, (max-width: 640px) 100vw, 600px\" \/><\/a><\/span><\/div><div class=\"fusion-separator fusion-full-width-sep\" style=\"align-self: center;margin-left: auto;margin-right: auto;margin-top:10px;margin-bottom:10px;width:100%;\"><\/div><div class=\"fusion-image-element \" style=\"--awb-caption-title-font-family:var(--h2_typography-font-family);--awb-caption-title-font-weight:var(--h2_typography-font-weight);--awb-caption-title-font-style:var(--h2_typography-font-style);--awb-caption-title-size:var(--h2_typography-font-size);--awb-caption-title-transform:var(--h2_typography-text-transform);--awb-caption-title-line-height:var(--h2_typography-line-height);--awb-caption-title-letter-spacing:var(--h2_typography-letter-spacing);\"><span class=\" fusion-imageframe imageframe-none imageframe-8 hover-type-none\" style=\"border-radius:4px;\"><a href=\"https:\/\/www.salineraespanola.com\/wp-content\/uploads\/2017\/10\/Salinera-Espanola-Salinas-Eivissa-i-Formentera-2.jpg\" class=\"fusion-lightbox\" data-rel=\"iLightbox[Parc-natural-Salines-Eivissa-Formentera-gallery]\" data-title=\"Salinera-Espanola-Salinas-Eivissa-i-Formentera-2\" title=\"Salinera-Espanola-Salinas-Eivissa-i-Formentera-2\"><img decoding=\"async\" width=\"960\" height=\"483\" src=\"https:\/\/www.salineraespanola.com\/wp-content\/uploads\/2017\/10\/Salinera-Espanola-Salinas-Eivissa-i-Formentera-2.jpg\" data-orig-src=\"https:\/\/www.salineraespanola.com\/wp-content\/uploads\/2017\/10\/Salinera-Espanola-Salinas-Eivissa-i-Formentera-2.jpg\" alt class=\"lazyload img-responsive wp-image-3552\" srcset=\"data:image\/svg+xml,%3Csvg%20xmlns%3D%27http%3A%2F%2Fwww.w3.org%2F2000%2Fsvg%27%20width%3D%27960%27%20height%3D%27483%27%20viewBox%3D%270%200%20960%20483%27%3E%3Crect%20width%3D%27960%27%20height%3D%27483%27%20fill-opacity%3D%220%22%2F%3E%3C%2Fsvg%3E\" data-srcset=\"https:\/\/www.salineraespanola.com\/wp-content\/uploads\/2017\/10\/Salinera-Espanola-Salinas-Eivissa-i-Formentera-2-200x101.jpg 200w, https:\/\/www.salineraespanola.com\/wp-content\/uploads\/2017\/10\/Salinera-Espanola-Salinas-Eivissa-i-Formentera-2-400x201.jpg 400w, https:\/\/www.salineraespanola.com\/wp-content\/uploads\/2017\/10\/Salinera-Espanola-Salinas-Eivissa-i-Formentera-2-600x302.jpg 600w, https:\/\/www.salineraespanola.com\/wp-content\/uploads\/2017\/10\/Salinera-Espanola-Salinas-Eivissa-i-Formentera-2-800x403.jpg 800w, https:\/\/www.salineraespanola.com\/wp-content\/uploads\/2017\/10\/Salinera-Espanola-Salinas-Eivissa-i-Formentera-2.jpg 960w\" data-sizes=\"auto\" data-orig-sizes=\"(max-width: 1024px) 100vw, (max-width: 640px) 100vw, 600px\" \/><\/a><\/span><\/div><\/div><\/div><\/div><\/div><\/p>\n","protected":false},"excerpt":{"rendered":"","protected":false},"author":25,"featured_media":3642,"parent":0,"menu_order":2,"comment_status":"closed","ping_status":"closed","template":"100-width.php","meta":{"footnotes":""},"class_list":["post-3545","page","type-page","status-publish","has-post-thumbnail","hentry"],"yoast_head":"<!-- This site is optimized with the Yoast SEO plugin v27.5 - https:\/\/yoast.com\/product\/yoast-seo-wordpress\/ -->\n<title>Ses Salines Nature Reserve Ibiza and Formentera - Salinera Espa\u00f1ola<\/title>\n<meta name=\"robots\" content=\"index, follow, max-snippet:-1, max-image-preview:large, max-video-preview:-1\" \/>\n<link rel=\"canonical\" href=\"https:\/\/www.salineraespanola.com\/en\/ses-salines-nature-reserve-ibiza-and-formentera\/\" \/>\n<meta property=\"og:locale\" content=\"en_US\" \/>\n<meta property=\"og:type\" content=\"article\" \/>\n<meta property=\"og:title\" content=\"Ses Salines Nature Reserve Ibiza and Formentera - Salinera Espa\u00f1ola\" \/>\n<meta property=\"og:url\" content=\"https:\/\/www.salineraespanola.com\/en\/ses-salines-nature-reserve-ibiza-and-formentera\/\" \/>\n<meta property=\"og:site_name\" content=\"Salinera Espa\u00f1ola\" \/>\n<meta property=\"article:publisher\" content=\"https:\/\/www.facebook.com\/SalineraEspanola\" \/>\n<meta property=\"article:modified_time\" content=\"2019-04-08T09:50:44+00:00\" \/>\n<meta property=\"og:image\" content=\"https:\/\/www.salineraespanola.com\/wp-content\/uploads\/2017\/10\/Salinera-Espanola-Salinas-Eivissa-i-Formentera-1.jpg\" \/>\n\t<meta property=\"og:image:width\" content=\"1300\" \/>\n\t<meta property=\"og:image:height\" content=\"655\" \/>\n\t<meta property=\"og:image:type\" content=\"image\/jpeg\" \/>\n<meta name=\"twitter:card\" content=\"summary_large_image\" \/>\n<meta name=\"twitter:label1\" content=\"Est. reading time\" \/>\n\t<meta name=\"twitter:data1\" content=\"7 minutes\" \/>\n<script type=\"application\/ld+json\" class=\"yoast-schema-graph\">{\"@context\":\"https:\\\/\\\/schema.org\",\"@graph\":[{\"@type\":\"WebPage\",\"@id\":\"https:\\\/\\\/www.salineraespanola.com\\\/en\\\/ses-salines-nature-reserve-ibiza-and-formentera\\\/\",\"url\":\"https:\\\/\\\/www.salineraespanola.com\\\/en\\\/ses-salines-nature-reserve-ibiza-and-formentera\\\/\",\"name\":\"Ses Salines Nature Reserve Ibiza and Formentera - Salinera Espa\u00f1ola\",\"isPartOf\":{\"@id\":\"https:\\\/\\\/www.salineraespanola.com\\\/en\\\/#website\"},\"primaryImageOfPage\":{\"@id\":\"https:\\\/\\\/www.salineraespanola.com\\\/en\\\/ses-salines-nature-reserve-ibiza-and-formentera\\\/#primaryimage\"},\"image\":{\"@id\":\"https:\\\/\\\/www.salineraespanola.com\\\/en\\\/ses-salines-nature-reserve-ibiza-and-formentera\\\/#primaryimage\"},\"thumbnailUrl\":\"https:\\\/\\\/www.salineraespanola.com\\\/wp-content\\\/uploads\\\/2017\\\/10\\\/Salinera-Espanola-Salinas-Eivissa-i-Formentera-1.jpg\",\"datePublished\":\"2017-10-25T15:51:05+00:00\",\"dateModified\":\"2019-04-08T09:50:44+00:00\",\"breadcrumb\":{\"@id\":\"https:\\\/\\\/www.salineraespanola.com\\\/en\\\/ses-salines-nature-reserve-ibiza-and-formentera\\\/#breadcrumb\"},\"inLanguage\":\"en-US\",\"potentialAction\":[{\"@type\":\"ReadAction\",\"target\":[\"https:\\\/\\\/www.salineraespanola.com\\\/en\\\/ses-salines-nature-reserve-ibiza-and-formentera\\\/\"]}]},{\"@type\":\"ImageObject\",\"inLanguage\":\"en-US\",\"@id\":\"https:\\\/\\\/www.salineraespanola.com\\\/en\\\/ses-salines-nature-reserve-ibiza-and-formentera\\\/#primaryimage\",\"url\":\"https:\\\/\\\/www.salineraespanola.com\\\/wp-content\\\/uploads\\\/2017\\\/10\\\/Salinera-Espanola-Salinas-Eivissa-i-Formentera-1.jpg\",\"contentUrl\":\"https:\\\/\\\/www.salineraespanola.com\\\/wp-content\\\/uploads\\\/2017\\\/10\\\/Salinera-Espanola-Salinas-Eivissa-i-Formentera-1.jpg\",\"width\":1300,\"height\":655},{\"@type\":\"BreadcrumbList\",\"@id\":\"https:\\\/\\\/www.salineraespanola.com\\\/en\\\/ses-salines-nature-reserve-ibiza-and-formentera\\\/#breadcrumb\",\"itemListElement\":[{\"@type\":\"ListItem\",\"position\":1,\"name\":\"Portada\",\"item\":\"https:\\\/\\\/www.salineraespanola.com\\\/en\\\/\"},{\"@type\":\"ListItem\",\"position\":2,\"name\":\"Ses Salines Nature Reserve Ibiza and Formentera\"}]},{\"@type\":\"WebSite\",\"@id\":\"https:\\\/\\\/www.salineraespanola.com\\\/en\\\/#website\",\"url\":\"https:\\\/\\\/www.salineraespanola.com\\\/en\\\/\",\"name\":\"Salinera Espa\u00f1ola\",\"description\":\"Elaboraci\u00f3n y manipulaci\u00f3n de sal de alta calidad\",\"publisher\":{\"@id\":\"https:\\\/\\\/www.salineraespanola.com\\\/en\\\/#organization\"},\"alternateName\":\"Salinera Esp.\",\"potentialAction\":[{\"@type\":\"SearchAction\",\"target\":{\"@type\":\"EntryPoint\",\"urlTemplate\":\"https:\\\/\\\/www.salineraespanola.com\\\/en\\\/?s={search_term_string}\"},\"query-input\":{\"@type\":\"PropertyValueSpecification\",\"valueRequired\":true,\"valueName\":\"search_term_string\"}}],\"inLanguage\":\"en-US\"},{\"@type\":\"Organization\",\"@id\":\"https:\\\/\\\/www.salineraespanola.com\\\/en\\\/#organization\",\"name\":\"Salinera Espa\u00f1ola\",\"alternateName\":\"Salinera Esp.\",\"url\":\"https:\\\/\\\/www.salineraespanola.com\\\/en\\\/\",\"logo\":{\"@type\":\"ImageObject\",\"inLanguage\":\"en-US\",\"@id\":\"https:\\\/\\\/www.salineraespanola.com\\\/en\\\/#\\\/schema\\\/logo\\\/image\\\/\",\"url\":\"https:\\\/\\\/www.salineraespanola.com\\\/wp-content\\\/uploads\\\/2013\\\/05\\\/Salinera-logo-200.png\",\"contentUrl\":\"https:\\\/\\\/www.salineraespanola.com\\\/wp-content\\\/uploads\\\/2013\\\/05\\\/Salinera-logo-200.png\",\"width\":200,\"height\":85,\"caption\":\"Salinera Espa\u00f1ola\"},\"image\":{\"@id\":\"https:\\\/\\\/www.salineraespanola.com\\\/en\\\/#\\\/schema\\\/logo\\\/image\\\/\"},\"sameAs\":[\"https:\\\/\\\/www.facebook.com\\\/SalineraEspanola\",\"https:\\\/\\\/www.instagram.com\\\/salineraespanola\\\/\"]}]}<\/script>\n<!-- \/ Yoast SEO plugin. -->","yoast_head_json":{"title":"Ses Salines Nature Reserve Ibiza and Formentera - Salinera Espa\u00f1ola","robots":{"index":"index","follow":"follow","max-snippet":"max-snippet:-1","max-image-preview":"max-image-preview:large","max-video-preview":"max-video-preview:-1"},"canonical":"https:\/\/www.salineraespanola.com\/en\/ses-salines-nature-reserve-ibiza-and-formentera\/","og_locale":"en_US","og_type":"article","og_title":"Ses Salines Nature Reserve Ibiza and Formentera - Salinera Espa\u00f1ola","og_url":"https:\/\/www.salineraespanola.com\/en\/ses-salines-nature-reserve-ibiza-and-formentera\/","og_site_name":"Salinera Espa\u00f1ola","article_publisher":"https:\/\/www.facebook.com\/SalineraEspanola","article_modified_time":"2019-04-08T09:50:44+00:00","og_image":[{"width":1300,"height":655,"url":"https:\/\/www.salineraespanola.com\/wp-content\/uploads\/2017\/10\/Salinera-Espanola-Salinas-Eivissa-i-Formentera-1.jpg","type":"image\/jpeg"}],"twitter_card":"summary_large_image","twitter_misc":{"Est. reading time":"7 minutes"},"schema":{"@context":"https:\/\/schema.org","@graph":[{"@type":"WebPage","@id":"https:\/\/www.salineraespanola.com\/en\/ses-salines-nature-reserve-ibiza-and-formentera\/","url":"https:\/\/www.salineraespanola.com\/en\/ses-salines-nature-reserve-ibiza-and-formentera\/","name":"Ses Salines Nature Reserve Ibiza and Formentera - Salinera Espa\u00f1ola","isPartOf":{"@id":"https:\/\/www.salineraespanola.com\/en\/#website"},"primaryImageOfPage":{"@id":"https:\/\/www.salineraespanola.com\/en\/ses-salines-nature-reserve-ibiza-and-formentera\/#primaryimage"},"image":{"@id":"https:\/\/www.salineraespanola.com\/en\/ses-salines-nature-reserve-ibiza-and-formentera\/#primaryimage"},"thumbnailUrl":"https:\/\/www.salineraespanola.com\/wp-content\/uploads\/2017\/10\/Salinera-Espanola-Salinas-Eivissa-i-Formentera-1.jpg","datePublished":"2017-10-25T15:51:05+00:00","dateModified":"2019-04-08T09:50:44+00:00","breadcrumb":{"@id":"https:\/\/www.salineraespanola.com\/en\/ses-salines-nature-reserve-ibiza-and-formentera\/#breadcrumb"},"inLanguage":"en-US","potentialAction":[{"@type":"ReadAction","target":["https:\/\/www.salineraespanola.com\/en\/ses-salines-nature-reserve-ibiza-and-formentera\/"]}]},{"@type":"ImageObject","inLanguage":"en-US","@id":"https:\/\/www.salineraespanola.com\/en\/ses-salines-nature-reserve-ibiza-and-formentera\/#primaryimage","url":"https:\/\/www.salineraespanola.com\/wp-content\/uploads\/2017\/10\/Salinera-Espanola-Salinas-Eivissa-i-Formentera-1.jpg","contentUrl":"https:\/\/www.salineraespanola.com\/wp-content\/uploads\/2017\/10\/Salinera-Espanola-Salinas-Eivissa-i-Formentera-1.jpg","width":1300,"height":655},{"@type":"BreadcrumbList","@id":"https:\/\/www.salineraespanola.com\/en\/ses-salines-nature-reserve-ibiza-and-formentera\/#breadcrumb","itemListElement":[{"@type":"ListItem","position":1,"name":"Portada","item":"https:\/\/www.salineraespanola.com\/en\/"},{"@type":"ListItem","position":2,"name":"Ses Salines Nature Reserve Ibiza and Formentera"}]},{"@type":"WebSite","@id":"https:\/\/www.salineraespanola.com\/en\/#website","url":"https:\/\/www.salineraespanola.com\/en\/","name":"Salinera Espa\u00f1ola","description":"Elaboraci\u00f3n y manipulaci\u00f3n de sal de alta calidad","publisher":{"@id":"https:\/\/www.salineraespanola.com\/en\/#organization"},"alternateName":"Salinera Esp.","potentialAction":[{"@type":"SearchAction","target":{"@type":"EntryPoint","urlTemplate":"https:\/\/www.salineraespanola.com\/en\/?s={search_term_string}"},"query-input":{"@type":"PropertyValueSpecification","valueRequired":true,"valueName":"search_term_string"}}],"inLanguage":"en-US"},{"@type":"Organization","@id":"https:\/\/www.salineraespanola.com\/en\/#organization","name":"Salinera Espa\u00f1ola","alternateName":"Salinera Esp.","url":"https:\/\/www.salineraespanola.com\/en\/","logo":{"@type":"ImageObject","inLanguage":"en-US","@id":"https:\/\/www.salineraespanola.com\/en\/#\/schema\/logo\/image\/","url":"https:\/\/www.salineraespanola.com\/wp-content\/uploads\/2013\/05\/Salinera-logo-200.png","contentUrl":"https:\/\/www.salineraespanola.com\/wp-content\/uploads\/2013\/05\/Salinera-logo-200.png","width":200,"height":85,"caption":"Salinera Espa\u00f1ola"},"image":{"@id":"https:\/\/www.salineraespanola.com\/en\/#\/schema\/logo\/image\/"},"sameAs":["https:\/\/www.facebook.com\/SalineraEspanola","https:\/\/www.instagram.com\/salineraespanola\/"]}]}},"_links":{"self":[{"href":"https:\/\/www.salineraespanola.com\/en\/wp-json\/wp\/v2\/pages\/3545","targetHints":{"allow":["GET"]}}],"collection":[{"href":"https:\/\/www.salineraespanola.com\/en\/wp-json\/wp\/v2\/pages"}],"about":[{"href":"https:\/\/www.salineraespanola.com\/en\/wp-json\/wp\/v2\/types\/page"}],"author":[{"embeddable":true,"href":"https:\/\/www.salineraespanola.com\/en\/wp-json\/wp\/v2\/users\/25"}],"replies":[{"embeddable":true,"href":"https:\/\/www.salineraespanola.com\/en\/wp-json\/wp\/v2\/comments?post=3545"}],"version-history":[{"count":13,"href":"https:\/\/www.salineraespanola.com\/en\/wp-json\/wp\/v2\/pages\/3545\/revisions"}],"predecessor-version":[{"id":4471,"href":"https:\/\/www.salineraespanola.com\/en\/wp-json\/wp\/v2\/pages\/3545\/revisions\/4471"}],"wp:featuredmedia":[{"embeddable":true,"href":"https:\/\/www.salineraespanola.com\/en\/wp-json\/wp\/v2\/media\/3642"}],"wp:attachment":[{"href":"https:\/\/www.salineraespanola.com\/en\/wp-json\/wp\/v2\/media?parent=3545"}],"curies":[{"name":"wp","href":"https:\/\/api.w.org\/{rel}","templated":true}]}}